{"id":17416,"date":"2025-11-14T16:22:30","date_gmt":"2025-11-15T00:22:30","guid":{"rendered":"https:\/\/ssg.coop\/?post_type=ssg-jobs&#038;p=17416"},"modified":"2025-11-14T16:22:42","modified_gmt":"2025-11-15T00:22:42","slug":"associe%c2%b7e-aux-communications-et-au-marketing-pour-le-marche-du-quebec","status":"publish","type":"ssg-jobs","link":"https:\/\/ssg.coop\/fr\/careers\/associe%c2%b7e-aux-communications-et-au-marketing-pour-le-marche-du-quebec\/","title":{"rendered":"Associ\u00e9\u00b7e aux communications et au marketing pour le march\u00e9 du Qu\u00e9bec"},"content":{"rendered":"\n<div class=\"wp-block-group is-layout-constrained wp-block-group-is-layout-constrained\"><h2 class=\"wp-block-post-title\">Associ\u00e9\u00b7e aux communications et au marketing pour le march\u00e9 du Qu\u00e9bec<\/h2>\n\n<div  class=\"ssg-spacer h-16 xl:h-24 \"><\/div>\n\n\n\n<div data-wp-interactive=\"core\/file\" class=\"wp-block-file\"><object data-wp-bind--hidden=\"!state.hasPdfPreview\" hidden class=\"wp-block-file__embed\" data=\"https:\/\/ssg.coop\/wp-content\/uploads\/2025\/11\/FR.-Job-Posting-Quebec-Marcomms-Contractor-2.pdf\" type=\"application\/pdf\" style=\"width:100%;height:600px\" aria-label=\"Contenu embarqu\u00e9 FR. Job Posting Quebec Marcomms Contractor (2).\"><\/object><a id=\"wp-block-file--media-44de1e7d-6d3d-404e-9016-d6f717b283ec\" href=\"https:\/\/ssg.coop\/wp-content\/uploads\/2025\/11\/FR.-Job-Posting-Quebec-Marcomms-Contractor-2.pdf\">FR. Job Posting Quebec Marcomms Contractor (2)<\/a><a href=\"https:\/\/ssg.coop\/wp-content\/uploads\/2025\/11\/FR.-Job-Posting-Quebec-Marcomms-Contractor-2.pdf\" class=\"wp-block-file__button wp-element-button\" download aria-describedby=\"wp-block-file--media-44de1e7d-6d3d-404e-9016-d6f717b283ec\">Download<\/a><\/div>\n\n\n<div  class=\"ssg-spacer h-16 xl:h-24 \"><\/div>\n\n\n\n<p>Si cette opportunit\u00e9 vous int\u00e9resse, veuillez transmettre votre CV, un court paragraphe expliquant votre int\u00e9r\u00eat ainsi que des \u00e9chantillons de votre travail en fran\u00e7ais (ou un lien vers votre portfolio) \u00e0 Alia Dharssi \u00e0 l\u2019adresse : work(a)ssg.coop.<strong> L\u2019affichage restera ouvert jusqu\u2019\u00e0 ce que le poste soit pourvu.<\/strong><\/p>\n\n\n\n<p>Votre CV et votre lettre de pr\u00e9sentation peuvent \u00eatre r\u00e9dig\u00e9s en fran\u00e7ais ou en anglais. <strong>Vos \u00e9chantillons de travail doivent \u00eatre en fran\u00e7ais.<\/strong><\/p>\n<\/div>\n\n\n\n<p><\/p>\n","protected":false},"excerpt":{"rendered":"<p>Si cette opportunit\u00e9 vous int\u00e9resse, veuillez transmettre votre CV, un court paragraphe expliquant votre int\u00e9r\u00eat ainsi que des \u00e9chantillons de votre travail en fran\u00e7ais (ou un lien vers votre portfolio) \u00e0 Alia Dharssi \u00e0 l\u2019adresse : work(a)ssg.coop. L\u2019affichage restera ouvert jusqu\u2019\u00e0 ce que le poste soit pourvu. Votre CV et votre lettre de pr\u00e9sentation peuvent<a href=\"https:\/\/ssg.coop\/fr\/careers\/associe%c2%b7e-aux-communications-et-au-marketing-pour-le-marche-du-quebec\/\">Continuer la lecture <span class=\"sr-only\">\u00ab\u00a0Associ\u00e9\u00b7e aux communications et au marketing pour le march\u00e9 du Qu\u00e9bec\u00a0\u00bb<\/span><\/a><\/p>\n","protected":false},"template":"","ssg_locations":[203],"class_list":["post-17416","ssg-jobs","type-ssg-jobs","status-publish","hentry","ssg_locations-canada"],"acf":[],"aioseo_notices":[],"_links":{"self":[{"href":"https:\/\/ssg.coop\/fr\/wp-json\/wp\/v2\/ssg-jobs\/17416","targetHints":{"allow":["GET"]}}],"collection":[{"href":"https:\/\/ssg.coop\/fr\/wp-json\/wp\/v2\/ssg-jobs"}],"about":[{"href":"https:\/\/ssg.coop\/fr\/wp-json\/wp\/v2\/types\/ssg-jobs"}],"wp:attachment":[{"href":"https:\/\/ssg.coop\/fr\/wp-json\/wp\/v2\/media?parent=17416"}],"wp:term":[{"taxonomy":"ssg_locations","embeddable":true,"href":"https:\/\/ssg.coop\/fr\/wp-json\/wp\/v2\/ssg_locations?post=17416"}],"curies":[{"name":"wp","href":"https:\/\/api.w.org\/{rel}","templated":true}]}}