{"id":16685,"date":"2025-06-17T09:57:09","date_gmt":"2025-06-17T16:57:09","guid":{"rendered":"https:\/\/ssg.coop\/?post_type=ssg-services&#038;p=16685"},"modified":"2025-11-20T11:13:34","modified_gmt":"2025-11-20T19:13:34","slug":"instrumentos-economicos-para-la-accion-climatica","status":"publish","type":"ssg-services","link":"https:\/\/ssg.coop\/es\/service\/instrumentos-economicos-para-la-accion-climatica\/","title":{"rendered":"Instrumentos econ\u00f3micos para la acci\u00f3n clim\u00e1tica"},"content":{"rendered":"\n<div class=\"wp-block-group is-layout-constrained wp-block-group-is-layout-constrained\"><div  class=\"ssg-spacer h-8 xl:h-16 \"><\/div>\n\n\n\n<p class=\"has-ssg-4-xl-font-size\"><a href=\"https:\/\/ssg.coop\/services\/\" title=\"Our Services\">Nuestro Servicios<\/a><\/p>\n\n\n<h1 class=\"wp-block-post-title\">Instrumentos econ\u00f3micos para la acci\u00f3n clim\u00e1tica<\/h1><\/div>\n\n\n<div  class=\"ssg-spacer h-16 xl:h-24 \"><\/div>\n\n\n\n<div class=\"wp-block-group ssg-one-column-excerpt is-layout-constrained wp-block-group-is-layout-constrained\">\n<div class=\"wp-block-columns is-layout-flex wp-container-core-columns-is-layout-9d6595d7 wp-block-columns-is-layout-flex\">\n<div class=\"wp-block-column pl-2 xl:pl-4 border-l-solid border-l-foreground border-l dark:border-l-background is-layout-flow wp-block-column-is-layout-flow\"><div class=\"wp-block-post-excerpt\"><p class=\"wp-block-post-excerpt__excerpt\">SSG apoya a gobiernos y organismos internacionales en la integraci\u00f3n del cambio clim\u00e1tico en sus procesos de inversi\u00f3n p\u00fablica, mediante el desarrollo de herramientas econ\u00f3micos-clim\u00e1ticas como el Precio Social del Carbono. <\/p><\/div><\/div>\n\n\n\n<div class=\"wp-block-column is-layout-flow wp-block-column-is-layout-flow\"><\/div>\n<\/div>\n<\/div>\n\n\n<div  class=\"ssg-spacer h-16 xl:h-24 \"><\/div>\n\n\n\n<div class=\"wp-block-group is-layout-constrained wp-block-group-is-layout-constrained\">\n<div class=\"wp-block-columns is-layout-flex wp-container-core-columns-is-layout-9d6595d7 wp-block-columns-is-layout-flex\">\n<div class=\"wp-block-column is-layout-flow wp-block-column-is-layout-flow\">\n<figure class=\"wp-block-image size-full is-style-rounded\"><img loading=\"lazy\" decoding=\"async\" width=\"5316\" height=\"2008\" src=\"\/wp-content\/uploads\/2024\/09\/pattern29-large-61crop.png\" alt=\"\" class=\"wp-image-13247\" srcset=\"https:\/\/ssg.coop\/wp-content\/uploads\/2024\/09\/pattern29-large-61crop.png 5316w, https:\/\/ssg.coop\/wp-content\/uploads\/2024\/09\/pattern29-large-61crop-300x113.png 300w, https:\/\/ssg.coop\/wp-content\/uploads\/2024\/09\/pattern29-large-61crop-1024x387.png 1024w, https:\/\/ssg.coop\/wp-content\/uploads\/2024\/09\/pattern29-large-61crop-768x290.png 768w, https:\/\/ssg.coop\/wp-content\/uploads\/2024\/09\/pattern29-large-61crop-1536x580.png 1536w, https:\/\/ssg.coop\/wp-content\/uploads\/2024\/09\/pattern29-large-61crop-2048x774.png 2048w\" sizes=\"auto, (max-width: 5316px) 100vw, 5316px\" \/><\/figure>\n<\/div>\n<\/div>\n<\/div>\n\n\n<div  class=\"ssg-spacer h-16 xl:h-24 \"><\/div>\n\n\n\n<div class=\"wp-block-group ssg-two-column-heading-text is-layout-constrained wp-block-group-is-layout-constrained\">\n<div class=\"wp-block-columns is-layout-flex wp-container-core-columns-is-layout-9d6595d7 wp-block-columns-is-layout-flex\">\n<div class=\"wp-block-column !mb-4 xl:!mb-0 pl-2 xl:pl-4 border-l-solid border-l-foreground border-l dark:border-l-background is-layout-flow wp-block-column-is-layout-flow\">\n<h2 class=\"wp-block-heading m-0\">Servicio<\/h2>\n<\/div>\n\n\n\n<div class=\"wp-block-column is-layout-constrained wp-block-column-is-layout-constrained\">\n<div class=\"wp-block-group pl-2 xl:pl-4 border-l-solid border-l-foreground border-l dark:border-l-background is-layout-flow wp-block-group-is-layout-flow\">\n<p class=\"has-ssg-4-xl-font-size\">Nuestro servicio incluye la adaptaci\u00f3n metodol\u00f3gica al contexto nacional, la capacitaci\u00f3n t\u00e9cnica de equipos gubernamentales y el acompa\u00f1amiento en la implementaci\u00f3n de instrumentos que permiten valorar los costos sociales de las emisiones. Esta l\u00ednea de trabajo fortalece la toma de decisiones informadas y promueve una planificaci\u00f3n de inversiones alineada con la acci\u00f3n clim\u00e1tica.<\/p>\n<\/div>\n<\/div>\n<\/div>\n<\/div>\n\n\n<div  class=\"ssg-spacer h-8 xl:h-16 \"><\/div>\n\n\n\n<div class=\"wp-block-group ssg-callout-icons has-ssg-coral-background-color has-background is-layout-constrained wp-block-group-is-layout-constrained\"><div  class=\"ssg-spacer h-8 xl:h-16 \"><\/div>\n\n\n\n<div class=\"wp-block-group is-content-justification-left is-layout-constrained wp-container-core-group-is-layout-8c890d92 wp-block-group-is-layout-constrained\">\n<p class=\"mb-0\"><strong><strong>Nuestro Servicio<\/strong><\/strong><\/p>\n\n\n\n<p class=\"xl:w-2\/3 has-ssg-6-xl-font-size\">Los instrumentos ec\u00f3micos de acci\u00f3n clim\u00e1tica fortalecen las capacidades nacionales de planificaci\u00f3n ante el cambio clim\u00e1tico, alinean esfuerzos entre ministerios, ayudan a cumplir compromisos nacionales e identifican iniciativas bajas en carbono, socialmente rentables y con potencial de financiamiento verde.&nbsp;&nbsp;&nbsp;&nbsp;&nbsp;<\/p>\n<\/div>\n\n\n<div  class=\"ssg-spacer h-8 xl:h-16 \"><\/div>\n\n\n\n<div class=\"wp-block-group gap-8 is-content-justification-right is-layout-flex wp-container-core-group-is-layout-df148108 wp-block-group-is-layout-flex\">\t<i \n\t\tclass=\"ssg-icon icon-economy text-8xl leading-8xl\"\n\t\t\t>\t\t\t\n\t<\/i>\n\n\n\t<i \n\t\tclass=\"ssg-icon icon-bus text-huge leading-huge\"\n\t\t\t>\t\t\t\n\t<\/i>\n\n\n\t<i \n\t\tclass=\"ssg-icon icon-community text-huge leading-huge\"\n\t\t\t>\t\t\t\n\t<\/i>\n<\/div>\n\n\n<div  class=\"ssg-spacer h-16 xl:h-24 \"><\/div>\n<\/div>\n\n\n<div  class=\"ssg-spacer h-16 xl:h-24 \"><\/div>\n\n\n\n<div class=\"wp-block-group ssg-two-column-heading-text is-layout-constrained wp-block-group-is-layout-constrained\">\n<div class=\"wp-block-columns is-layout-flex wp-container-core-columns-is-layout-9d6595d7 wp-block-columns-is-layout-flex\">\n<div class=\"wp-block-column !mb-4 xl:!mb-0 pl-2 xl:pl-4 border-l-solid border-l-foreground border-l dark:border-l-background is-layout-flow wp-block-column-is-layout-flow\" style=\"flex-basis:33%\">\n<h2 class=\"wp-block-heading m-0\">Ejemplo destacado<\/h2>\n<\/div>\n\n\n\n<div class=\"wp-block-column is-layout-constrained wp-block-column-is-layout-constrained\">\n<div class=\"wp-block-group pl-2 xl:pl-4 border-l-solid border-l-foreground border-l dark:border-l-background is-layout-flow wp-block-group-is-layout-flow\">\n<p class=\"has-ssg-4-xl-font-size\">Parte del equipo de SSG ha apoyado a la Comisi\u00f3n Econ\u00f3mica para Am\u00e9rica Latina y el Caribe (CEPAL) en la estimaci\u00f3n del Precio Social del Carbono de m\u00e1s de 12 pa\u00edses en Latino Am\u00e9rica y el Caribe, incluidos Chile, Nicaragua, Rep\u00fablica Dominicana, Costa Rica, Honduras, Panam\u00e1 y otros. Con cada pa\u00eds se apoy\u00f3 en la estimaci\u00f3n del PSC, para luego avanzar en la implementaci\u00f3n con sectores prioritarios y seguir con una tercera etapa de acompa\u00f1amiento en proyectos piloto.<\/p>\n\n\n\n<p class=\"has-ssg-4-xl-font-size\">Lee m\u00e1s sobre <a href=\"https:\/\/www.cepal.org\/es\/temas\/precios-al-carbono\" target=\"_blank\" rel=\"noopener\" title=\"\">precios al carbono y CEPAL<\/a>.<\/p>\n<\/div>\n<\/div>\n<\/div>\n<\/div>\n\n\n<div  class=\"ssg-spacer h-16 xl:h-24 \"><\/div>\n\n\n\n<section class=\"wp-block-group ssg-two-statistics-right-column is-layout-constrained wp-block-group-is-layout-constrained\">\n<div class=\"wp-block-columns is-layout-flex wp-container-core-columns-is-layout-9d6595d7 wp-block-columns-is-layout-flex\">\n<div class=\"wp-block-column is-layout-flow wp-block-column-is-layout-flow\" style=\"flex-basis:33%\"><\/div>\n\n\n\n<div class=\"wp-block-column is-layout-constrained wp-block-column-is-layout-constrained\">\n<div class=\"wp-block-columns gap-8 is-layout-flex wp-container-core-columns-is-layout-9d6595d7 wp-block-columns-is-layout-flex\">\n<div class=\"wp-block-column is-layout-flow wp-block-column-is-layout-flow\">\n<div class=\"wp-block-group ssg-statistic is-layout-constrained wp-block-group-is-layout-constrained\">\n<p class=\"font-classic-bold has-ssg-huge-font-size\">+60<\/p>\n\n\n\n<p class=\"font-classic has-ssg-4-xl-font-size\">personas capacitadas<\/p>\n<\/div>\n<\/div>\n\n\n\n<div class=\"wp-block-column is-layout-flow wp-block-column-is-layout-flow\">\n<div class=\"wp-block-group ssg-statistic is-layout-constrained wp-block-group-is-layout-constrained\">\n<p class=\"font-classic-bold has-ssg-huge-font-size\">+5<\/p>\n\n\n\n<p class=\"font-classic has-ssg-4-xl-font-size\">gu\u00edas metodol\u00f3gicas<\/p>\n<\/div>\n<\/div>\n<\/div>\n<\/div>\n<\/div>\n<\/section>\n\n\n<div  class=\"ssg-spacer h-16 xl:h-24 \"><\/div>\n\n\n<div  class=\"ssg-spacer h-16 xl:h-24 \"><\/div>\n\n\n\n\n<div  class=\"ssg-spacer h-16 xl:h-24 \"><\/div>\n\n\n\n<div class=\"wp-block-group ssg-two-column-heading-text is-layout-constrained wp-block-group-is-layout-constrained\">\n<div class=\"wp-block-columns is-layout-flex wp-container-core-columns-is-layout-9d6595d7 wp-block-columns-is-layout-flex\">\n<div class=\"wp-block-column !mb-4 xl:!mb-0 pl-2 xl:pl-4 border-l-solid border-l-foreground border-l dark:border-l-background is-layout-flow wp-block-column-is-layout-flow\">\n<h2 class=\"wp-block-heading m-0\">Cont\u00e1ctanos<\/h2>\n<\/div>\n\n\n\n<div class=\"wp-block-column is-layout-constrained wp-block-column-is-layout-constrained\">\n<div class=\"wp-block-group pl-2 xl:pl-4 border-l-solid border-l-foreground border-l dark:border-l-background is-layout-flow wp-block-group-is-layout-flow\">\n<p class=\"has-ssg-4-xl-font-size\">\u00bfQuieres saber m\u00e1s sobre c\u00f3mo podemos ayudarte a enfrentar el cambio clim\u00e1tico?<\/p>\n<\/div>\n\n\n<div  class=\"ssg-spacer h-4 xl:h-8 \"><\/div>\n\n\n\n<div class=\"wp-block-buttons is-layout-flex wp-block-buttons-is-layout-flex\">\n<div class=\"wp-block-button\"><a class=\"wp-block-button__link wp-element-button\" href=\"#contact-form\" rel=\" nofollow\">Comun\u00edcate con nosotros<\/a><\/div>\n<\/div>\n<\/div>\n<\/div>\n<\/div>\n\n\n<div  class=\"ssg-spacer h-16 xl:h-24 \"><\/div>\n","protected":false},"excerpt":{"rendered":"<p>SSG apoya a gobiernos y organismos internacionales en la integraci\u00f3n del cambio clim\u00e1tico en sus procesos de inversi\u00f3n p\u00fablica, mediante el desarrollo de herramientas econ\u00f3micos-clim\u00e1ticas como el Precio Social del Carbono.<\/p>\n","protected":false},"template":"","class_list":["post-16685","ssg-services","type-ssg-services","status-publish","hentry"],"acf":[],"aioseo_notices":[],"_links":{"self":[{"href":"https:\/\/ssg.coop\/es\/wp-json\/wp\/v2\/ssg-services\/16685","targetHints":{"allow":["GET"]}}],"collection":[{"href":"https:\/\/ssg.coop\/es\/wp-json\/wp\/v2\/ssg-services"}],"about":[{"href":"https:\/\/ssg.coop\/es\/wp-json\/wp\/v2\/types\/ssg-services"}],"wp:attachment":[{"href":"https:\/\/ssg.coop\/es\/wp-json\/wp\/v2\/media?parent=16685"}],"curies":[{"name":"wp","href":"https:\/\/api.w.org\/{rel}","templated":true}]}}