{"id":17921,"date":"2026-04-27T09:05:00","date_gmt":"2026-04-27T16:05:00","guid":{"rendered":"https:\/\/ssg.coop\/?post_type=ssg-projects&#038;p=17921"},"modified":"2026-04-27T09:05:31","modified_gmt":"2026-04-27T16:05:31","slug":"plan-de-accion-regional-de-cambio-climatico-de-la-region-de-aysen","status":"publish","type":"ssg-projects","link":"https:\/\/ssg.coop\/es\/project\/plan-de-accion-regional-de-cambio-climatico-de-la-region-de-aysen\/","title":{"rendered":"Plan de Acci\u00f3n Regional de Cambio Clim\u00e1tico de la Regi\u00f3n de Ays\u00e9n"},"content":{"rendered":"\n<div class=\"wp-block-group is-layout-constrained wp-block-group-is-layout-constrained\"><h1 class=\"wp-block-post-title\">Plan de Acci\u00f3n Regional de Cambio Clim\u00e1tico de la Regi\u00f3n de Ays\u00e9n<\/h1><\/div>\n\n\n<div  class=\"ssg-spacer h-8 xl:h-16 \"><\/div>\n\n\n<!-- wp:group {\"className\":\"ssg-project-hero \",\"layout\":{\"type\":\"constrained\"},\"metadata\":{\"name\":\"SSG Project Hero Container\"}} -->\n<section  class=\"wp-block-group ssg-project-hero is-layout-constrained   \" style=\"background-color: #e0df60;\">\n\t\n\t<div class=\"lg:flex lg:flex-row flex-wrap lg:flex-nowrap gap-0 mb-0\">\n\t\t<div class=\"flex flex-col lg:basis-1\/2 justify-between py-6 lg:pt-14 lg:pb-20 lg:pr-20\">\n\t\t\t\n\t\t\t<div>\n\t\t\t\t\n\t\t\t\t\t\t\t\t\t<p class=\"mb-0 text-base xl:text-2xl leading-base xl:leading-2xl font-classic-bold\">\n\t\t\t\t\t\tPlanificaci\u00f3n de la adaptaci\u00f3n y mitigaci\u00f3n del cambio clim\u00e1tico\t\t\t\t\t<\/p>\n\t\t\t\t\n\t\t\t\t<h2 class=\"mt-2\">\n\t\t\t\t\t\t\t\t\t\t\tUna estrategia clim\u00e1tica para el extremo sur de Chile\t\t\t\t\t\t\t\t\t<\/h2>\n\n\t\t\t\t\t\t\t\n\n\t\t\t<\/div>\n\n\t\t\t\t\t\t\n\t\t\t\t\n<div class=\"ssg-project-table\">\n\n\t<div class=\"flex flex-nowrap gap-4 ssg-l-border\">\n\t\t\t\t\t<div class=\"basis-1\/3\">\n\t\t\t\t<p class=\"!my-0 text-base xl:text-2xl xl:leading-2xl font-bold\">\n\t\t\t\t\tCliente\t\t\t\t<\/p>\n\t\t\t<\/div>\n\n\t\t\t<div class=\"basis-2\/3\">\n\t\t\t\t<p class=\"!my-0 text-base xl:text-2xl xl:leading-2xl\">\n\t\t\t\t\tMinisterio del Medio Ambiente, Chile\t\t\t\t<\/p>\n\t\t\t<\/div>\n\t\t\t<\/div>\n\n\t\t\t<div class=\"flex flex-nowrap gap-4 ssg-l-border\">\n\t\t\t<div class=\"basis-1\/3\">\n\t\t\t\t<p class=\"!my-0 text-base xl:text-2xl xl:leading-2xl font-bold\">\n\t\t\t\t\tPoblaci\u00f3n\t\t\t\t<\/p>\n\t\t\t<\/div>\n\n\t\t\t<div class=\"basis-2\/3\">\n\t\t\t\t<p class=\"!my-0 text-base xl:text-2xl xl:leading-2xl\">\n\t\t\t\t\t104,000\t\t\t\t<\/p>\n\t\t\t<\/div>\n\t\t<\/div>\n\n\t\t\t<div class=\"flex flex-nowrap gap-4 ssg-l-border\">\n\t\t\t<div class=\"basis-1\/3\">\n\t\t\t\t<p class=\"!my-0 text-base xl:text-2xl xl:leading-2xl font-bold\">\n\t\t\t\t\tPeriodo\t\t\t\t<\/p>\n\t\t\t<\/div>\n\n\t\t\t<div class=\"basis-2\/3\">\n\t\t\t\t<p class=\"!my-0 text-base xl:text-2xl xl:leading-2xl\">\n\t\t\t\t\t2022-2023\t\t\t\t<\/p>\n\t\t\t<\/div>\n\t\t<\/div>\n\t\n\t\t\t<div class=\"flex flex-nowrap gap-4 ssg-l-border\">\n\t\t\t<div class=\"basis-1\/3\">\n\t\t\t\t\t\t\t\t\t<p class=\"!my-0 text-base xl:text-2xl xl:leading-2xl font-bold\" aria-hidden=\"true\">\n\t\t\t\t\t\tServicios\t\t\t\t\t<\/p>\n\t\t\t\t\t\t\t\t\t<p class=\"!my-0 text-base xl:text-2xl xl:leading-2xl font-bold\" aria-hidden=\"true\">\n\t\t\t\t\t\t&nbsp;\t\t\t\t\t<\/p>\n\t\t\t\t\t\t\t\t\t<p class=\"!my-0 text-base xl:text-2xl xl:leading-2xl font-bold\" aria-hidden=\"true\">\n\t\t\t\t\t\t&nbsp;\t\t\t\t\t<\/p>\n\t\t\t\t\t\t\t<\/div>\n\n\t\t\t<div class=\"basis-2\/3\">\n\t\t\t\t\t\t\t\t\t<p class=\"!my-0 text-base xl:text-2xl xl:leading-2xl\">\n\t\t\t\t\t\t<a href=\"https:\/\/ssg.coop\/es\/service\/planificacion-para-la-mitigacion-del-cambio-climatico\/\" class=\"ssg-no-underline hover:!underline focus:!underline\" title=\"Get more information about our Planificaci\u00f3n para la mitigaci\u00f3n del cambio clim\u00e1tico service\">\n\t\t\t\t\t\t\tPlanificaci\u00f3n para la mitigaci\u00f3n del cambio clim\u00e1tico\t\t\t\t\t\t<\/a>\n\t\t\t\t\t<\/p>\n\t\t\t\t\t\t\t\t\t<p class=\"!my-0 text-base xl:text-2xl xl:leading-2xl\">\n\t\t\t\t\t\t<a href=\"https:\/\/ssg.coop\/es\/service\/planificacion-de-la-adaptacion-al-cambio-climatico\/\" class=\"ssg-no-underline hover:!underline focus:!underline\" title=\"Get more information about our Planificaci\u00f3n de la adaptaci\u00f3n al cambio clim\u00e1tico service\">\n\t\t\t\t\t\t\tPlanificaci\u00f3n de la adaptaci\u00f3n al cambio clim\u00e1tico\t\t\t\t\t\t<\/a>\n\t\t\t\t\t<\/p>\n\t\t\t\t\t\t\t\t\t<p class=\"!my-0 text-base xl:text-2xl xl:leading-2xl\">\n\t\t\t\t\t\t<a href=\"https:\/\/ssg.coop\/es\/service\/inventarios-de-gases-de-efecto-invernadero\/\" class=\"ssg-no-underline hover:!underline focus:!underline\" title=\"Get more information about our Inventarios de gases de efecto invernadero service\">\n\t\t\t\t\t\t\tInventarios de gases de efecto invernadero\t\t\t\t\t\t<\/a>\n\t\t\t\t\t<\/p>\n\t\t\t\t\t\t\t<\/div>\n\t\t<\/div>\n\t\n\t\n<\/div>\n\t\t\t\n\t\t<\/div>\n\n\t\t<div class=\"flex-grow lg:basis-1\/2 min-w-0\">\n\t\t\t\n\t\t\t<figure class=\"hidden xl:block\">\n\t\t\t\t<img loading=\"lazy\" decoding=\"async\" width=\"1500\" height=\"1535\" src=\"https:\/\/ssg.coop\/wp-content\/uploads\/2026\/04\/AysenProjectHero-1.jpg\" class=\"attachment-full size-full wp-post-image\" alt=\"\" srcset=\"https:\/\/ssg.coop\/wp-content\/uploads\/2026\/04\/AysenProjectHero-1.jpg 1500w, https:\/\/ssg.coop\/wp-content\/uploads\/2026\/04\/AysenProjectHero-1-293x300.jpg 293w, https:\/\/ssg.coop\/wp-content\/uploads\/2026\/04\/AysenProjectHero-1-1001x1024.jpg 1001w, https:\/\/ssg.coop\/wp-content\/uploads\/2026\/04\/AysenProjectHero-1-768x786.jpg 768w, https:\/\/ssg.coop\/wp-content\/uploads\/2026\/04\/AysenProjectHero-1-56x56.jpg 56w\" sizes=\"auto, (max-width: 1500px) 100vw, 1500px\" \/>\t\t\t<\/figure>\n\t\t\n\t\t\t<figure class=\"xl:hidden\">\n\t\t\t\t<img loading=\"lazy\" decoding=\"async\" width=\"500\" height=\"500\" src=\"https:\/\/ssg.coop\/wp-content\/uploads\/2026\/04\/L.Aysen_.Chile_.AdobeStock_249304285-500x500.jpg\" class=\"attachment-ssg-image-card size-ssg-image-card\" alt=\"\" srcset=\"https:\/\/ssg.coop\/wp-content\/uploads\/2026\/04\/L.Aysen_.Chile_.AdobeStock_249304285-500x500.jpg 500w, https:\/\/ssg.coop\/wp-content\/uploads\/2026\/04\/L.Aysen_.Chile_.AdobeStock_249304285-150x150.jpg 150w, https:\/\/ssg.coop\/wp-content\/uploads\/2026\/04\/L.Aysen_.Chile_.AdobeStock_249304285-300x300.jpg 300w, https:\/\/ssg.coop\/wp-content\/uploads\/2026\/04\/L.Aysen_.Chile_.AdobeStock_249304285-56x56.jpg 56w\" sizes=\"auto, (max-width: 500px) 100vw, 500px\" \/>\t\t\t<\/figure>\n\n\t\t<\/div>\n\n\t<\/div>\n<\/section>\n<!-- \/wp:group -->\n\n<div  class=\"ssg-spacer h-16 xl:h-24 \"><\/div>\n\n\n\n<div class=\"wp-block-group ssg-two-column-heading-text is-layout-constrained wp-block-group-is-layout-constrained\">\n<div class=\"wp-block-columns is-layout-flex wp-container-core-columns-is-layout-9d6595d7 wp-block-columns-is-layout-flex\">\n<div class=\"wp-block-column !mb-4 xl:!mb-0 pl-2 xl:pl-4 border-l-solid border-l-foreground border-l dark:border-l-background is-layout-flow wp-block-column-is-layout-flow\">\n<h2 class=\"wp-block-heading m-0\"><strong>El problema<\/strong><\/h2>\n<\/div>\n\n\n\n<div class=\"wp-block-column is-layout-constrained wp-block-column-is-layout-constrained\">\n<div class=\"wp-block-group pl-2 xl:pl-4 border-l-solid border-l-foreground border-l dark:border-l-background is-layout-flow wp-block-group-is-layout-flow\">\n<p class=\"has-ssg-4-xl-font-size\">La Regi\u00f3n de Ays\u00e9n, en el sur de Chile, es particularmente vulnerable al cambio clim\u00e1tico, enfrentando riesgos como la p\u00e9rdida de biodiversidad, la escasez h\u00eddrica y las inundaciones costeras. Abordar estos desaf\u00edos requiere la elaboraci\u00f3n de una hoja de ruta regional clara y participativa para la adaptaci\u00f3n y mitigaci\u00f3n, en conformidad con lo establecido en la Ley Marco de Cambio Clim\u00e1tico de Chile.<\/p>\n<\/div>\n<\/div>\n<\/div>\n<\/div>\n\n\n<div  class=\"ssg-spacer h-16 xl:h-24 \"><\/div>\n\n\n\n<section class=\"wp-block-group ssg-statistics-callout has-ssg-coral-background-color has-background is-layout-constrained wp-block-group-is-layout-constrained\"><div  class=\"ssg-spacer h-8 xl:h-16 \"><\/div>\n\n\n\n<div class=\"wp-block-columns is-layout-flex wp-container-core-columns-is-layout-9d6595d7 wp-block-columns-is-layout-flex\">\n<div class=\"wp-block-column xl:pr-100 is-layout-flow wp-block-column-is-layout-flow\">\n<h3 class=\"wp-block-heading has-ssg-2-xl-font-size\"><strong><strong>El problema<\/strong><\/strong><\/h3>\n\n\n\n<p class=\"has-ssg-7-xl-font-size\">\u00bfC\u00f3mo puede Ays\u00e9n desarrollar una acci\u00f3n clim\u00e1tica efectiva, coordinada y adaptada a sus realidades territoriales?<\/p>\n<\/div>\n<\/div>\n\n\n<div  class=\"ssg-spacer h-16 xl:h-48 \"><\/div>\n\n\n\n<div aria-hidden=\"true\" class=\"wp-block-fsb-flexible-spacer fsb-flexible-spacer\"><div class=\"fsb-flexible-spacer__device fsb-flexible-spacer__device--lg\" style=\"height:40px\"><\/div><div class=\"fsb-flexible-spacer__device fsb-flexible-spacer__device--md\" style=\"height:8px\"><\/div><div class=\"fsb-flexible-spacer__device fsb-flexible-spacer__device--sm\" style=\"height:8px\"><\/div><\/div>\n\n\n\n<div class=\"wp-block-columns is-layout-flex wp-container-core-columns-is-layout-9d6595d7 wp-block-columns-is-layout-flex\">\n<div class=\"wp-block-column is-vertically-aligned-bottom is-layout-flow wp-block-column-is-layout-flow\">\n<div class=\"wp-block-group is-content-justification-right is-layout-flex wp-container-core-group-is-layout-977fa2bb wp-block-group-is-layout-flex\">\n<div class=\"wp-block-group ssg-statistic is-content-justification-center is-layout-constrained wp-block-group-is-layout-constrained\">\n<p class=\"font-classic-bold has-ssg-huge-font-size\">1.130k<\/p>\n\n\n\n<p class=\"font-classic has-ssg-4-xl-font-size\">toneladas de emisiones de gases de efecto invernadero en Ays\u00e9n<\/p>\n<\/div>\n\n\n\n<div style=\"height:100px;width:0px\" aria-hidden=\"true\" class=\"wp-block-spacer wp-container-content-6388d5dc\"><\/div>\n\n\n\n<div class=\"wp-block-group ssg-statistic is-content-justification-center is-layout-constrained wp-block-group-is-layout-constrained\">\n<p class=\"font-classic-bold has-ssg-huge-font-size\">&gt;30k<\/p>\n\n\n\n<p class=\"font-classic has-ssg-4-xl-font-size\">hect\u00e1reas afectadas por incendios forestales desde 1996<\/p>\n<\/div>\n<\/div>\n<\/div>\n<\/div>\n\n\n<div  class=\"ssg-spacer h-8 xl:h-16 \"><\/div>\n<\/section>\n\n\n<div  class=\"ssg-spacer h-16 xl:h-24 \"><\/div>\n\n\n\n<div class=\"wp-block-group ssg-two-column-heading-text is-layout-constrained wp-block-group-is-layout-constrained\">\n<div class=\"wp-block-columns is-layout-flex wp-container-core-columns-is-layout-9d6595d7 wp-block-columns-is-layout-flex\">\n<div class=\"wp-block-column !mb-4 xl:!mb-0 pl-2 xl:pl-4 border-l-solid border-l-foreground border-l dark:border-l-background is-layout-flow wp-block-column-is-layout-flow\">\n<h2 class=\"wp-block-heading m-0\"><strong>La soluci\u00f3n<\/strong><\/h2>\n<\/div>\n\n\n\n<div class=\"wp-block-column is-layout-constrained wp-block-column-is-layout-constrained\">\n<div class=\"wp-block-group pl-2 xl:pl-4 border-l-solid border-l-foreground border-l dark:border-l-background is-layout-flow wp-block-group-is-layout-flow\">\n<p class=\"has-ssg-4-xl-font-size\">SSG apoy\u00f3 al Gobierno Regional de Ays\u00e9n en el desarrollo de un Plan de Acci\u00f3n de Cambio Clim\u00e1tico que combina conocimiento t\u00e9cnico, participaci\u00f3n ciudadana y articulaci\u00f3n interinstitucional para abordar desaf\u00edos cr\u00edticos como la p\u00e9rdida de biodiversidad, la escasez h\u00eddrica y el aumento de las inundaciones costeras.<\/p>\n\n\n\n<p>El equipo de SSG realiz\u00f3 un proceso participativo con m\u00e1s de 80 actores mediante entrevistas, talleres y reuniones sectoriales, y as\u00ed impuls\u00f3 cada etapa de la evaluaci\u00f3n de emisiones, mitigaci\u00f3n y vulnerabilidad.<\/p>\n\n\n\n<p>SSG aplic\u00f3 la metodolog\u00eda de cadena de impacto para mapear c\u00f3mo las amenazas clim\u00e1ticas se traducen en impactos concretos, evaluando 47 riesgos en la regi\u00f3n. Este an\u00e1lisis incorpor\u00f3 riesgos previamente no abordados, como el aumento de los cortes de energ\u00eda, la p\u00e9rdida de bosques nativos por incendios forestales, la disminuci\u00f3n de la productividad acu\u00edcola, la degradaci\u00f3n de humedales y glaciares, y la reducci\u00f3n de la actividad tur\u00edstica.<\/p>\n\n\n\n<p>En l\u00ednea con la Ley Marco de Cambio Clim\u00e1tico de Chile, el plan preliminar define medidas prioritarias de adaptaci\u00f3n y mitigaci\u00f3n, incluyendo soluciones de calefacci\u00f3n limpia, gesti\u00f3n de recursos h\u00eddricos, fortalecimiento de la infraestructura acu\u00edcola y reducci\u00f3n del riesgo de incendios forestales. Cada medida se acompa\u00f1a de acciones concretas, junto con la identificaci\u00f3n de entidades responsables y potenciales socios estrat\u00e9gicos del sector p\u00fablico.<\/p>\n<\/div>\n<\/div>\n<\/div>\n<\/div>\n\n\n<div  class=\"ssg-spacer h-16 xl:h-24 \"><\/div>\n\n\n\n<section class=\"wp-block-group ssg-statistics-callout has-ssg-coral-background-color has-background has-ssg-skyblue-background-color is-layout-constrained wp-block-group-is-layout-constrained\"><div  class=\"ssg-spacer h-8 xl:h-16 \"><\/div>\n\n\n\n<div class=\"wp-block-columns is-layout-flex wp-container-core-columns-is-layout-9d6595d7 wp-block-columns-is-layout-flex\">\n<div class=\"wp-block-column xl:pr-100 is-layout-flow wp-block-column-is-layout-flow\">\n<h3 class=\"wp-block-heading has-ssg-2-xl-font-size\"><strong><strong>El resultado<\/strong><\/strong><\/h3>\n\n\n\n<p class=\"has-ssg-7-xl-font-size\">El Plan de Acci\u00f3n Regional sobre Cambio Clim\u00e1tico incluye los siguientes objetivos de reducci\u00f3n de emisiones:<\/p>\n<\/div>\n<\/div>\n\n\n<div  class=\"ssg-spacer h-16 xl:h-32 \"><\/div>\n\n\n\n<div class=\"wp-block-group ssg-statistics-columns is-layout-constrained wp-block-group-is-layout-constrained\">\n<div class=\"wp-block-columns are-vertically-aligned-top is-layout-flex wp-container-core-columns-is-layout-9d6595d7 wp-block-columns-is-layout-flex\">\n<div class=\"wp-block-column is-vertically-aligned-top is-layout-flow wp-block-column-is-layout-flow\"><\/div>\n\n\n\n<div class=\"wp-block-column is-vertically-aligned-top is-layout-flow wp-block-column-is-layout-flow\">\n<div class=\"wp-block-group ssg-statistic is-content-justification-center is-layout-constrained wp-block-group-is-layout-constrained\">\n<p class=\"font-classic-bold has-ssg-huge-font-size\"><strong>1,26 Mt<\/strong><\/p>\n\n\n\n<p class=\"has-ssg-4-xl-font-size\">CO\u2082e reducci\u00f3n de las emisiones totales anuales para 2050 en comparaci\u00f3n con el escenario actual<\/p>\n<\/div>\n<\/div>\n<\/div>\n\n\n<div  class=\"ssg-spacer h-16 xl:h-24 \"><\/div>\n\n\n\n<div class=\"wp-block-columns are-vertically-aligned-top is-layout-flex wp-container-core-columns-is-layout-9d6595d7 wp-block-columns-is-layout-flex\">\n<div class=\"wp-block-column is-vertically-aligned-top is-layout-flow wp-block-column-is-layout-flow\">\n<div class=\"wp-block-group ssg-statistic is-content-justification-center is-layout-constrained wp-block-group-is-layout-constrained\">\n<p class=\"font-classic-bold has-ssg-huge-font-size\">709kt<\/p>\n\n\n\n<p class=\"has-ssg-4-xl-font-size\">CO\u2082e reducci\u00f3n de las emisiones anuales para 2050 \u00fanicamente en el sector de los bosques y la biodiversidad<\/p>\n<\/div>\n<\/div>\n\n\n\n<div class=\"wp-block-column is-vertically-aligned-top is-layout-flow wp-block-column-is-layout-flow\">\n<div class=\"wp-block-group ssg-statistic is-content-justification-center is-layout-constrained wp-block-group-is-layout-constrained\">\n<p class=\"font-classic-bold has-ssg-huge-font-size\">24,5 Mt<\/p>\n\n\n\n<p class=\"has-ssg-4-xl-font-size\">CO\u2082e reducci\u00f3n acumulada de las emisiones totales entre 2024 y 2050 de todas las medidas de mitigaci\u00f3n combinadas<\/p>\n<\/div>\n<\/div>\n<\/div>\n<\/div>\n\n\n<div  class=\"ssg-spacer h-8 xl:h-16 \"><\/div>\n<\/section>\n\n\n<div  class=\"ssg-spacer h-16 xl:h-32 \"><\/div>\n\n\n\n<section class=\"wp-block-group is-layout-constrained wp-block-group-is-layout-constrained\">\n<p class=\"mb-0 has-ssg-2-xl-font-size\"><strong><strong>El resultado<\/strong><\/strong><\/p>\n\n\n\n<h2 class=\"wp-block-heading mt-2\"><strong>Conclusiones clave<\/strong><\/h2>\n<\/section>\n\n\n<div  class=\"ssg-spacer h-16 xl:h-24 \"><\/div>\n\n\n\n<section class=\"wp-block-group ssg-three-column-icon-cards is-layout-constrained wp-block-group-is-layout-constrained\">\n<div class=\"wp-block-columns gap-16 xl:gap-8 is-layout-flex wp-container-core-columns-is-layout-9d6595d7 wp-block-columns-is-layout-flex\">\n<div class=\"wp-block-column is-layout-flow wp-block-column-is-layout-flow\">\n<div class=\"wp-block-group ssg-icon-card pr-4 xl:pr-24 is-layout-constrained wp-block-group-is-layout-constrained\">\t<i \n\t\tclass=\"ssg-icon icon-natural-gas-furnaces-01 wp-elements-cf09dff4220f8855b340ecb77f36d638 text-large-icons leading-large-icons text-ssg-magenta\"\n\t\t\t>\t\t\t\n\t<\/i>\n\n\n<div  class=\"ssg-spacer h-4 xl:h-8 \"><\/div>\n\n\n\n<div class=\"wp-block-group ssg-l-border is-layout-constrained wp-block-group-is-layout-constrained\">\n<p><strong><mark style=\"background-color:rgba(0, 0, 0, 0)\" class=\"has-inline-color has-ssg-magenta-color\">La transici\u00f3n a calefacci\u00f3n limpia reduce emisiones residenciales<\/mark><\/strong><\/p>\n\n\n\n<p>En Ays\u00e9n, la combusti\u00f3n de le\u00f1a para calefacci\u00f3n\u2014principalmente en invierno\u2014genera m\u00e1s del 80% de las emisiones regionales. El plan impulsa el recambio hacia bombas de calor y el desarrollo de sistemas de energ\u00eda distrital baja en carbono, basados en hidro, solar o biomasa, logrando una reducci\u00f3n significativa de emisiones y una mejora sustancial en la calidad del aire.<\/p>\n<\/div>\n<\/div>\n<\/div>\n\n\n\n<div class=\"wp-block-column is-layout-flow wp-block-column-is-layout-flow\">\n<div class=\"wp-block-group ssg-icon-card pr-4 xl:pr-24 is-layout-constrained wp-block-group-is-layout-constrained\">\t<i \n\t\tclass=\"ssg-icon icon-coastal-flooding-01 wp-elements-6e5d7a86f1fc24834f19261c0a1d9983 text-large-icons leading-large-icons text-ssg-orange\"\n\t\t\t>\t\t\t\n\t<\/i>\n\n\n<div  class=\"ssg-spacer h-4 xl:h-8 \"><\/div>\n\n\n\n<div class=\"wp-block-group ssg-l-border is-layout-constrained wp-block-group-is-layout-constrained\">\n<p><strong><mark style=\"background-color:rgba(0, 0, 0, 0)\" class=\"has-inline-color has-ssg-orange-color\">La gesti\u00f3n de riesgos costeros fortalece la resiliencia acu\u00edcola<\/mark><\/strong><\/p>\n\n\n\n<p>La acuicultura en Ays\u00e9n enfrenta crecientes riesgos clim\u00e1ticos, incluyendo p\u00e9rdidas de biomasa, interrupciones operativas por tormentas, floraciones algales nocivas y da\u00f1os a la infraestructura. El plan impulsa la creaci\u00f3n de mesas p\u00fablico-privadas para fortalecer la planificaci\u00f3n de contingencias, mejorar la coordinaci\u00f3n y avanzar en la restauraci\u00f3n de ecosistemas.<\/p>\n<\/div>\n<\/div>\n<\/div>\n\n\n\n<div class=\"wp-block-column is-layout-flow wp-block-column-is-layout-flow\">\n<div class=\"wp-block-group ssg-icon-card pr-4 xl:pr-24 is-layout-constrained wp-block-group-is-layout-constrained\">\t<i \n\t\tclass=\"ssg-icon icon-wildfire-01 wp-elements-8bc22d71857ab49ced48962232ab3c2e text-large-icons leading-large-icons text-ssg-navy\"\n\t\t\t>\t\t\t\n\t<\/i>\n\n\n<div  class=\"ssg-spacer h-4 xl:h-8 \"><\/div>\n\n\n\n<div class=\"wp-block-group ssg-l-border is-layout-constrained wp-block-group-is-layout-constrained\">\n<p><strong><mark style=\"background-color:rgba(0, 0, 0, 0)\" class=\"has-inline-color has-ssg-navy-color\">La reducci\u00f3n del riesgo de incendios forestales comienza con planificaci\u00f3n coordinada<\/mark><\/strong><\/p>\n\n\n\n<p>Los bosques de Ays\u00e9n son vulnerables a incendios debido al aumento de temperaturas, vientos intensos, acceso limitado, alta carga de combustible y causas humanas. La colaboraci\u00f3n entre gobierno, empresas y comunidades permite proteger a las personas, comunidades e infraestructura, fortaleciendo la resiliencia regional.<\/p>\n<\/div>\n<\/div>\n<\/div>\n<\/div>\n<\/section>\n\n\n<div  class=\"ssg-spacer h-16 xl:h-32 \"><\/div>\n\n\n<div  class=\"ssg-spacer h-16 xl:h-24 \"><\/div>\n\n\n<section  class=\"wp-block-group ssg-related-cards is-layout-constrained \">\n\n\t\t\t<!-- wp:group {\"layout\":{\"type\":\"constrained\"}} -->\n\t\t<div class=\"wp-block-group\"><!-- wp:heading {\"className\":\"ssg-l-border\"} -->\n\t\t<h2 class=\"wp-block-heading ssg-l-border xl:mb-12\">\n\t\t\tProyectos relacionados\t\t<\/h2>\n\t\t<!-- \/wp:heading --><\/div>\n\t\t<!-- \/wp:group -->\n\t\n\t\t\t<hr class=\"border-text dark:border-background\" \/>\n\n\t\t\t\t\t<p class=\"mt-2 text-right uppercase\">\n\t\t\t\t<a href=\"https:\/\/ssg.coop\/es\/work\/\">\n\t\t\t\t\tVer todos los proyectos\t\t\t\t<\/a>\n\t\t\t<\/p>\n\t\t\n\t\n\t\t\t<div class=\"masonry xl:masonry-md animate-cards-onscroll animate-onscroll\">\n\t\n\t\t\n\t\t\t<div class=\"card ssg-randomize-hover ssg-related-resource-card ssg-ssg-projects relative group bg-transparent hover:bg-ssg-random focus:bg-ssg-random hover:border-ssg-random focus:border-ssg-random break-inside-avoid mb-8 last:mb-0 xl:even:mb-0\">\n\n\t\t\t\t\n<div class=\"flex flex-col justify-between h-full\">\n\n\t\n\t<h3 class=\"!mt-0 xl:!mb-36\">\n\t\t<a href=\"https:\/\/ssg.coop\/es\/project\/guia-para-la-accion-climatica-en-municipios-y-gobiernos-regionales\/\" class=\"ssg-never-underline\">\n\t\t\tGu\u00eda para la acci\u00f3n clim\u00e1tica en municipios y gobiernos regionales\t\t<\/a>\n\t<\/h3>\n\n\t<div class=\"flex xl:flex-row xl:justify-between !items-end gap-4 xl:gap-12\">\n\t\t\n\t\t\n\t\t<a\n\tclass=\"ssg-link-arrow self-end text-right text-5xl ml-auto ssg-never-underline dark:text-background\"\n \thref=\"https:\/\/ssg.coop\/es\/project\/guia-para-la-accion-climatica-en-municipios-y-gobiernos-regionales\/\"\n\n \t>\n\t<span class=\"whitespace-nowrap\">-><\/span>\n<\/a>\n\t<\/div>\n<\/div>\n\t\t\t<\/div>\n\n\t\t\n\t\t\t<div class=\"card ssg-randomize-hover ssg-related-resource-card ssg-ssg-projects relative group bg-transparent hover:bg-ssg-random focus:bg-ssg-random hover:border-ssg-random focus:border-ssg-random break-inside-avoid mb-8 last:mb-0 xl:even:mb-0\">\n\n\t\t\t\t\n<div class=\"flex flex-col justify-between h-full\">\n\n\t\n\t<h3 class=\"!mt-0 xl:!mb-36\">\n\t\t<a href=\"https:\/\/ssg.coop\/es\/project\/mejoras-metodologicas-para-la-cuantificacion-de-emisiones-y-absorciones-de-gei-en-el-sector-afolu-de-los-paises-del-cono-sur\/\" class=\"ssg-never-underline\">\n\t\t\tMejoras metodol\u00f3gicas para la cuantificaci\u00f3n de emisiones y absorciones de GEI en el sector AFOLU de los pa\u00edses del Cono Sur\t\t<\/a>\n\t<\/h3>\n\n\t<div class=\"flex xl:flex-row xl:justify-between !items-end gap-4 xl:gap-12\">\n\t\t\n\t\t\n\t\t<a\n\tclass=\"ssg-link-arrow self-end text-right text-5xl ml-auto ssg-never-underline dark:text-background\"\n \thref=\"https:\/\/ssg.coop\/es\/project\/mejoras-metodologicas-para-la-cuantificacion-de-emisiones-y-absorciones-de-gei-en-el-sector-afolu-de-los-paises-del-cono-sur\/\"\n\n \t>\n\t<span class=\"whitespace-nowrap\">-><\/span>\n<\/a>\n\t<\/div>\n<\/div>\n\t\t\t<\/div>\n\n\t\t\n\t\t\t<div class=\"card ssg-randomize-hover ssg-related-resource-card ssg-ssg-projects relative group bg-transparent hover:bg-ssg-random focus:bg-ssg-random hover:border-ssg-random focus:border-ssg-random break-inside-avoid mb-8 last:mb-0 xl:even:mb-0\">\n\n\t\t\t\t\n<div class=\"flex flex-col justify-between h-full\">\n\n\t\n\t<h3 class=\"!mt-0 xl:!mb-36\">\n\t\t<a href=\"https:\/\/ssg.coop\/es\/project\/acelerador-de-mitigacion-herramienta-para-la-accion-climatica-comunal\/\" class=\"ssg-never-underline\">\n\t\t\tAcelerador de Mitigaci\u00f3n: Herramienta para la Acci\u00f3n Clim\u00e1tica Comunal\t\t<\/a>\n\t<\/h3>\n\n\t<div class=\"flex xl:flex-row xl:justify-between !items-end gap-4 xl:gap-12\">\n\t\t\n\t\t\n\t\t<a\n\tclass=\"ssg-link-arrow self-end text-right text-5xl ml-auto ssg-never-underline dark:text-background\"\n \thref=\"https:\/\/ssg.coop\/es\/project\/acelerador-de-mitigacion-herramienta-para-la-accion-climatica-comunal\/\"\n\n \t>\n\t<span class=\"whitespace-nowrap\">-><\/span>\n<\/a>\n\t<\/div>\n<\/div>\n\t\t\t<\/div>\n\n\t\t\n\t\t\t<div class=\"card ssg-randomize-hover ssg-related-resource-card ssg-ssg-projects relative group bg-transparent hover:bg-ssg-random focus:bg-ssg-random hover:border-ssg-random focus:border-ssg-random break-inside-avoid mb-8 last:mb-0 xl:even:mb-0\">\n\n\t\t\t\t\n<div class=\"flex flex-col justify-between h-full\">\n\n\t\n\t<h3 class=\"!mt-0 xl:!mb-36\">\n\t\t<a href=\"https:\/\/ssg.coop\/es\/project\/plan-de-accion-regional-de-cambio-climatico-para-la-region-de-arica-y-parinacota-2\/\" class=\"ssg-never-underline\">\n\t\t\tPlan de Acci\u00f3n Regional de Cambio Clim\u00e1tico para la Regi\u00f3n de Arica y Parinacota\t\t<\/a>\n\t<\/h3>\n\n\t<div class=\"flex xl:flex-row xl:justify-between !items-end gap-4 xl:gap-12\">\n\t\t\n\t\t\n\t\t<a\n\tclass=\"ssg-link-arrow self-end text-right text-5xl ml-auto ssg-never-underline dark:text-background\"\n \thref=\"https:\/\/ssg.coop\/es\/project\/plan-de-accion-regional-de-cambio-climatico-para-la-region-de-arica-y-parinacota-2\/\"\n\n \t>\n\t<span class=\"whitespace-nowrap\">-><\/span>\n<\/a>\n\t<\/div>\n<\/div>\n\t\t\t<\/div>\n\n\t\t\n\t\t\t<div class=\"card ssg-randomize-hover ssg-related-resource-card ssg-ssg-projects relative group bg-transparent hover:bg-ssg-random focus:bg-ssg-random hover:border-ssg-random focus:border-ssg-random break-inside-avoid mb-8 last:mb-0 xl:even:mb-0\">\n\n\t\t\t\t\n<div class=\"flex flex-col justify-between h-full\">\n\n\t\n\t<h3 class=\"!mt-0 xl:!mb-36\">\n\t\t<a href=\"https:\/\/ssg.coop\/es\/project\/estrategia-energetica-local-de-la-comuna-de-mejillones\/\" class=\"ssg-never-underline\">\n\t\t\tEstrategia Energ\u00e9tica Local de la Comuna de Mejillones\t\t<\/a>\n\t<\/h3>\n\n\t<div class=\"flex xl:flex-row xl:justify-between !items-end gap-4 xl:gap-12\">\n\t\t\n\t\t\n\t\t<a\n\tclass=\"ssg-link-arrow self-end text-right text-5xl ml-auto ssg-never-underline dark:text-background\"\n \thref=\"https:\/\/ssg.coop\/es\/project\/estrategia-energetica-local-de-la-comuna-de-mejillones\/\"\n\n \t>\n\t<span class=\"whitespace-nowrap\">-><\/span>\n<\/a>\n\t<\/div>\n<\/div>\n\t\t\t<\/div>\n\n\t\t\n\t\t\t<div class=\"card ssg-randomize-hover ssg-related-resource-card ssg-ssg-projects relative group bg-transparent hover:bg-ssg-random focus:bg-ssg-random hover:border-ssg-random focus:border-ssg-random break-inside-avoid mb-8 last:mb-0 xl:even:mb-0\">\n\n\t\t\t\t\n<div class=\"flex flex-col justify-between h-full\">\n\n\t\n\t<h3 class=\"!mt-0 xl:!mb-36\">\n\t\t<a href=\"https:\/\/ssg.coop\/es\/project\/estimacion-del-precio-social-del-carbono-para-paises-de-america-latina-y-el-caribe\/\" class=\"ssg-never-underline\">\n\t\t\tEstimaci\u00f3n del Precio Social del Carbono para pa\u00edses de Am\u00e9rica Latina y el Caribe\t\t<\/a>\n\t<\/h3>\n\n\t<div class=\"flex xl:flex-row xl:justify-between !items-end gap-4 xl:gap-12\">\n\t\t\n\t\t\n\t\t<a\n\tclass=\"ssg-link-arrow self-end text-right text-5xl ml-auto ssg-never-underline dark:text-background\"\n \thref=\"https:\/\/ssg.coop\/es\/project\/estimacion-del-precio-social-del-carbono-para-paises-de-america-latina-y-el-caribe\/\"\n\n \t>\n\t<span class=\"whitespace-nowrap\">-><\/span>\n<\/a>\n\t<\/div>\n<\/div>\n\t\t\t<\/div>\n\n\t\t\n\t\t\t<div class=\"card ssg-randomize-hover ssg-related-resource-card ssg-ssg-projects relative group bg-transparent hover:bg-ssg-random focus:bg-ssg-random hover:border-ssg-random focus:border-ssg-random break-inside-avoid mb-8 last:mb-0 xl:even:mb-0\">\n\n\t\t\t\t\n<div class=\"flex flex-col justify-between h-full\">\n\n\t\n\t<h3 class=\"!mt-0 xl:!mb-36\">\n\t\t<a href=\"https:\/\/ssg.coop\/es\/project\/planes-de-accion-comunales-de-cambio-climatico-en-los-rios-2\/\" class=\"ssg-never-underline\">\n\t\t\tPlanes de Acci\u00f3n Comunales de Cambio Clim\u00e1tico en Los R\u00edos\t\t<\/a>\n\t<\/h3>\n\n\t<div class=\"flex xl:flex-row xl:justify-between !items-end gap-4 xl:gap-12\">\n\t\t\n\t\t\n\t\t<a\n\tclass=\"ssg-link-arrow self-end text-right text-5xl ml-auto ssg-never-underline dark:text-background\"\n \thref=\"https:\/\/ssg.coop\/es\/project\/planes-de-accion-comunales-de-cambio-climatico-en-los-rios-2\/\"\n\n \t>\n\t<span class=\"whitespace-nowrap\">-><\/span>\n<\/a>\n\t<\/div>\n<\/div>\n\t\t\t<\/div>\n\n\t\t\n\t\t\t<div class=\"card ssg-randomize-hover ssg-related-resource-card ssg-ssg-projects relative group bg-transparent hover:bg-ssg-random focus:bg-ssg-random hover:border-ssg-random focus:border-ssg-random break-inside-avoid mb-8 last:mb-0 xl:even:mb-0\">\n\n\t\t\t\t\n<div class=\"flex flex-col justify-between h-full\">\n\n\t\n\t<h3 class=\"!mt-0 xl:!mb-36\">\n\t\t<a href=\"https:\/\/ssg.coop\/es\/project\/climate-resilient-kelowna-strategy\/\" class=\"ssg-never-underline\">\n\t\t\tEstrategia de Kelowna para la Resiliencia Clim\u00e1tica\t\t<\/a>\n\t<\/h3>\n\n\t<div class=\"flex xl:flex-row xl:justify-between !items-end gap-4 xl:gap-12\">\n\t\t\n\t\t\n\t\t<a\n\tclass=\"ssg-link-arrow self-end text-right text-5xl ml-auto ssg-never-underline dark:text-background\"\n \thref=\"https:\/\/ssg.coop\/es\/project\/climate-resilient-kelowna-strategy\/\"\n\n \t>\n\t<span class=\"whitespace-nowrap\">-><\/span>\n<\/a>\n\t<\/div>\n<\/div>\n\t\t\t<\/div>\n\n\t\t\n\t<\/div>\n<\/section>\n\n\n<div  class=\"ssg-spacer h-16 xl:h-48 \"><\/div>\n\n\n\n<div class=\"wp-block-group ssg-two-column-heading-text is-layout-constrained wp-block-group-is-layout-constrained\">\n<div class=\"wp-block-columns is-layout-flex wp-container-core-columns-is-layout-9d6595d7 wp-block-columns-is-layout-flex\">\n<div class=\"wp-block-column !mb-4 xl:!mb-0 pl-2 xl:pl-4 border-l-solid border-l-foreground border-l dark:border-l-background is-layout-flow wp-block-column-is-layout-flow\">\n<h2 class=\"wp-block-heading m-0\"><strong>Cont\u00e1ctanos<\/strong><\/h2>\n<\/div>\n\n\n\n<div class=\"wp-block-column is-layout-constrained wp-block-column-is-layout-constrained\">\n<div class=\"wp-block-group pl-2 xl:pl-4 border-l-solid border-l-foreground border-l dark:border-l-background is-layout-flow wp-block-group-is-layout-flow\">\n<p class=\"has-ssg-4-xl-font-size\">\u00bfTienes preguntas sobre nuestros servicios o quieres obtener m\u00e1s informaci\u00f3n sobre las maneras en que podemos ayudarte?<\/p>\n<\/div>\n\n\n<div  class=\"ssg-spacer h-4 xl:h-8 \"><\/div>\n\n\n\n<div class=\"wp-block-buttons is-layout-flex wp-block-buttons-is-layout-flex\">\n<div class=\"wp-block-button\"><a class=\"wp-block-button__link wp-element-button\" href=\"#contact-form\" rel=\" nofollow\">Comun\u00edcate con nosotros<\/a><\/div>\n<\/div>\n<\/div>\n<\/div>\n<\/div>\n\n\n<div  class=\"ssg-spacer h-16 xl:h-24 \"><\/div>\n","protected":false},"excerpt":{"rendered":"<p>El problema La Regi\u00f3n de Ays\u00e9n, en el sur de Chile, es particularmente vulnerable al cambio clim\u00e1tico, enfrentando riesgos como la p\u00e9rdida de biodiversidad, la escasez h\u00eddrica y las inundaciones costeras. Abordar estos desaf\u00edos requiere la elaboraci\u00f3n de una hoja de ruta regional clara y participativa para la adaptaci\u00f3n y mitigaci\u00f3n, en conformidad con lo<a href=\"https:\/\/ssg.coop\/es\/project\/plan-de-accion-regional-de-cambio-climatico-de-la-region-de-aysen\/\">Sigue leyendo <span class=\"sr-only\">\u00abPlan de Acci\u00f3n Regional de Cambio Clim\u00e1tico de la Regi\u00f3n de Ays\u00e9n\u00bb<\/span><\/a><\/p>\n","protected":false},"featured_media":17928,"template":"","ssg_locations":[203,320],"client_types":[380,388],"ssg-project-categories":[449],"class_list":["post-17921","ssg-projects","type-ssg-projects","status-publish","has-post-thumbnail","hentry","ssg_locations-canada","ssg_locations-chile-es","client_types-gobiernos-nacionales","client_types-gobiernos-regionales","ssg-project-categories-planificacion-de-la-adaptacion-y-mitigacion-del-cambio-climatico"],"acf":[],"aioseo_notices":[],"_links":{"self":[{"href":"https:\/\/ssg.coop\/es\/wp-json\/wp\/v2\/ssg-projects\/17921","targetHints":{"allow":["GET"]}}],"collection":[{"href":"https:\/\/ssg.coop\/es\/wp-json\/wp\/v2\/ssg-projects"}],"about":[{"href":"https:\/\/ssg.coop\/es\/wp-json\/wp\/v2\/types\/ssg-projects"}],"wp:featuredmedia":[{"embeddable":true,"href":"https:\/\/ssg.coop\/es\/wp-json\/wp\/v2\/media\/17928"}],"wp:attachment":[{"href":"https:\/\/ssg.coop\/es\/wp-json\/wp\/v2\/media?parent=17921"}],"wp:term":[{"taxonomy":"ssg_locations","embeddable":true,"href":"https:\/\/ssg.coop\/es\/wp-json\/wp\/v2\/ssg_locations?post=17921"},{"taxonomy":"client_types","embeddable":true,"href":"https:\/\/ssg.coop\/es\/wp-json\/wp\/v2\/client_types?post=17921"},{"taxonomy":"ssg-project-categories","embeddable":true,"href":"https:\/\/ssg.coop\/es\/wp-json\/wp\/v2\/ssg-project-categories?post=17921"}],"curies":[{"name":"wp","href":"https:\/\/api.w.org\/{rel}","templated":true}]}}