{"id":16731,"date":"2025-06-18T11:13:25","date_gmt":"2025-06-18T18:13:25","guid":{"rendered":"https:\/\/ssg.coop\/?post_type=ssg-projects&#038;p=16731"},"modified":"2026-04-21T15:29:58","modified_gmt":"2026-04-21T22:29:58","slug":"planes-de-accion-comunales-de-cambio-climatico-en-los-rios-2","status":"publish","type":"ssg-projects","link":"https:\/\/ssg.coop\/es\/project\/planes-de-accion-comunales-de-cambio-climatico-en-los-rios-2\/","title":{"rendered":"Planes de Acci\u00f3n Comunales de Cambio Clim\u00e1tico en Los R\u00edos"},"content":{"rendered":"\n<div class=\"wp-block-group is-layout-constrained wp-block-group-is-layout-constrained\">\n<p class=\"has-ssg-4-xl-font-size\"><a href=\"https:\/\/ssg.coop\/es\/work\/\" title=\"\">Nuestro trabajo<\/a><\/p>\n\n\n<h1 class=\"wp-block-post-title\">Planes de Acci\u00f3n Comunales de Cambio Clim\u00e1tico en Los R\u00edos<\/h1><\/div>\n\n\n<div  class=\"ssg-spacer h-8 xl:h-16 \"><\/div>\n\n\n<!-- wp:group {\"className\":\"ssg-project-hero \",\"layout\":{\"type\":\"constrained\"},\"metadata\":{\"name\":\"SSG Project Hero Container\"}} -->\n<section  class=\"wp-block-group ssg-project-hero is-layout-constrained   \" style=\"background-color: #e0df60;\">\n\t\n\t<div class=\"lg:flex lg:flex-row flex-wrap lg:flex-nowrap gap-0 mb-0\">\n\t\t<div class=\"flex flex-col lg:basis-1\/2 justify-between py-6 lg:pt-14 lg:pb-20 lg:pr-20\">\n\t\t\t\n\t\t\t<div>\n\t\t\t\t\n\t\t\t\t\t\t\t\t\t<p class=\"mb-0 text-base xl:text-2xl leading-base xl:leading-2xl font-classic-bold\">\n\t\t\t\t\t\tPlan de mitigaci\u00f3n clim\u00e1tica\t\t\t\t\t<\/p>\n\t\t\t\t\n\t\t\t\t<h2 class=\"mt-2\">\n\t\t\t\t\t\t\t\t\t\t\tLa Regi\u00f3n de Los R\u00edos desarrolla 11 Planes de Acci\u00f3n Comunal de Cambio Clim\u00e1tico (PACCC)\t\t\t\t\t\t\t\t\t<\/h2>\n\n\t\t\t\t\t\t\t\n\n\t\t\t<\/div>\n\n\t\t\t\t\t\t\n\t\t\t\t\n<div class=\"ssg-project-table\">\n\n\t<div class=\"flex flex-nowrap gap-4 ssg-l-border\">\n\t\t\t\t\t<div class=\"basis-1\/3\">\n\t\t\t\t<p class=\"!my-0 text-base xl:text-2xl xl:leading-2xl font-bold\">\n\t\t\t\t\tCliente\t\t\t\t<\/p>\n\t\t\t<\/div>\n\n\t\t\t<div class=\"basis-2\/3\">\n\t\t\t\t<p class=\"!my-0 text-base xl:text-2xl xl:leading-2xl\">\n\t\t\t\t\tBanco Interamericano de Desarrollo (BID)\t\t\t\t<\/p>\n\t\t\t<\/div>\n\t\t\t<\/div>\n\n\t\t\t<div class=\"flex flex-nowrap gap-4 ssg-l-border\">\n\t\t\t<div class=\"basis-1\/3\">\n\t\t\t\t<p class=\"!my-0 text-base xl:text-2xl xl:leading-2xl font-bold\">\n\t\t\t\t\tPoblaci\u00f3n\t\t\t\t<\/p>\n\t\t\t<\/div>\n\n\t\t\t<div class=\"basis-2\/3\">\n\t\t\t\t<p class=\"!my-0 text-base xl:text-2xl xl:leading-2xl\">\n\t\t\t\t\t385.000\t\t\t\t<\/p>\n\t\t\t<\/div>\n\t\t<\/div>\n\n\t\t\t<div class=\"flex flex-nowrap gap-4 ssg-l-border\">\n\t\t\t<div class=\"basis-1\/3\">\n\t\t\t\t<p class=\"!my-0 text-base xl:text-2xl xl:leading-2xl font-bold\">\n\t\t\t\t\tPeriodo\t\t\t\t<\/p>\n\t\t\t<\/div>\n\n\t\t\t<div class=\"basis-2\/3\">\n\t\t\t\t<p class=\"!my-0 text-base xl:text-2xl xl:leading-2xl\">\n\t\t\t\t\t2023-2024\t\t\t\t<\/p>\n\t\t\t<\/div>\n\t\t<\/div>\n\t\n\t\t\t<div class=\"flex flex-nowrap gap-4 ssg-l-border\">\n\t\t\t<div class=\"basis-1\/3\">\n\t\t\t\t\t\t\t\t\t<p class=\"!my-0 text-base xl:text-2xl xl:leading-2xl font-bold\" aria-hidden=\"true\">\n\t\t\t\t\t\tServicios\t\t\t\t\t<\/p>\n\t\t\t\t\t\t\t\t\t<p class=\"!my-0 text-base xl:text-2xl xl:leading-2xl font-bold\" aria-hidden=\"true\">\n\t\t\t\t\t\t&nbsp;\t\t\t\t\t<\/p>\n\t\t\t\t\t\t\t<\/div>\n\n\t\t\t<div class=\"basis-2\/3\">\n\t\t\t\t\t\t\t\t\t<p class=\"!my-0 text-base xl:text-2xl xl:leading-2xl\">\n\t\t\t\t\t\t<a href=\"https:\/\/ssg.coop\/es\/service\/planificacion-para-la-mitigacion-del-cambio-climatico\/\" class=\"ssg-no-underline hover:!underline focus:!underline\" title=\"Get more information about our Planificaci\u00f3n para la mitigaci\u00f3n del cambio clim\u00e1tico service\">\n\t\t\t\t\t\t\tPlanificaci\u00f3n para la mitigaci\u00f3n del cambio clim\u00e1tico\t\t\t\t\t\t<\/a>\n\t\t\t\t\t<\/p>\n\t\t\t\t\t\t\t\t\t<p class=\"!my-0 text-base xl:text-2xl xl:leading-2xl\">\n\t\t\t\t\t\t<a href=\"https:\/\/ssg.coop\/es\/service\/inventarios-de-gases-de-efecto-invernadero\/\" class=\"ssg-no-underline hover:!underline focus:!underline\" title=\"Get more information about our Inventarios de gases de efecto invernadero service\">\n\t\t\t\t\t\t\tInventarios de gases de efecto invernadero\t\t\t\t\t\t<\/a>\n\t\t\t\t\t<\/p>\n\t\t\t\t\t\t\t<\/div>\n\t\t<\/div>\n\t\n\t\n<\/div>\n\t\t\t\n\t\t<\/div>\n\n\t\t<div class=\"flex-grow lg:basis-1\/2 min-w-0\">\n\t\t\t\n\t\t\t<figure class=\"hidden xl:block\">\n\t\t\t\t<img loading=\"lazy\" decoding=\"async\" width=\"1500\" height=\"1535\" src=\"https:\/\/ssg.coop\/wp-content\/uploads\/2025\/06\/LosRiosProjectHero.jpg\" class=\"attachment-full size-full wp-post-image\" alt=\"\" srcset=\"https:\/\/ssg.coop\/wp-content\/uploads\/2025\/06\/LosRiosProjectHero.jpg 1500w, https:\/\/ssg.coop\/wp-content\/uploads\/2025\/06\/LosRiosProjectHero-293x300.jpg 293w, https:\/\/ssg.coop\/wp-content\/uploads\/2025\/06\/LosRiosProjectHero-1001x1024.jpg 1001w, https:\/\/ssg.coop\/wp-content\/uploads\/2025\/06\/LosRiosProjectHero-768x786.jpg 768w, https:\/\/ssg.coop\/wp-content\/uploads\/2025\/06\/LosRiosProjectHero-56x56.jpg 56w\" sizes=\"auto, (max-width: 1500px) 100vw, 1500px\" \/>\t\t\t<\/figure>\n\t\t\n\t\t\t<figure class=\"xl:hidden\">\n\t\t\t\t<img loading=\"lazy\" decoding=\"async\" width=\"500\" height=\"500\" src=\"https:\/\/ssg.coop\/wp-content\/uploads\/2025\/06\/LosRiosProjectImage-500x500.jpg\" class=\"attachment-ssg-image-card size-ssg-image-card\" alt=\"\" srcset=\"https:\/\/ssg.coop\/wp-content\/uploads\/2025\/06\/LosRiosProjectImage-500x500.jpg 500w, https:\/\/ssg.coop\/wp-content\/uploads\/2025\/06\/LosRiosProjectImage-150x150.jpg 150w, https:\/\/ssg.coop\/wp-content\/uploads\/2025\/06\/LosRiosProjectImage-300x300.jpg 300w, https:\/\/ssg.coop\/wp-content\/uploads\/2025\/06\/LosRiosProjectImage-56x56.jpg 56w\" sizes=\"auto, (max-width: 500px) 100vw, 500px\" \/>\t\t\t<\/figure>\n\n\t\t<\/div>\n\n\t<\/div>\n<\/section>\n<!-- \/wp:group -->\n\n<div  class=\"ssg-spacer h-16 xl:h-24 \"><\/div>\n\n\n\n<div class=\"wp-block-group ssg-two-column-heading-text is-layout-constrained wp-block-group-is-layout-constrained\">\n<div class=\"wp-block-columns is-layout-flex wp-container-core-columns-is-layout-9d6595d7 wp-block-columns-is-layout-flex\">\n<div class=\"wp-block-column !mb-4 xl:!mb-0 pl-2 xl:pl-4 border-l-solid border-l-foreground border-l dark:border-l-background is-layout-flow wp-block-column-is-layout-flow\">\n<h2 class=\"wp-block-heading m-0\">El problema<\/h2>\n<\/div>\n\n\n\n<div class=\"wp-block-column is-layout-constrained wp-block-column-is-layout-constrained\">\n<div class=\"wp-block-group pl-2 xl:pl-4 border-l-solid border-l-foreground border-l dark:border-l-background is-layout-flow wp-block-group-is-layout-flow\">\n<p class=\"has-ssg-4-xl-font-size\">Once municipios de la Regi\u00f3n de Los R\u00edos, una regi\u00f3n geogr\u00e1fica y culturalmente diversa que abarca r\u00edos, lagos y monta\u00f1as costeras, deben desarrollar planes de acci\u00f3n clim\u00e1tica en menos de un a\u00f1o para lograr emisiones netas cero para 2050 en cumplimiento de la Ley Marco de Cambio Clim\u00e1tico de Chile.<\/p>\n<\/div>\n<\/div>\n<\/div>\n<\/div>\n\n\n<div  class=\"ssg-spacer h-16 xl:h-24 \"><\/div>\n\n\n\n<section class=\"wp-block-group ssg-statistics-callout has-ssg-coral-background-color has-background is-layout-constrained wp-block-group-is-layout-constrained\"><div  class=\"ssg-spacer h-8 xl:h-16 \"><\/div>\n\n\n\n<div class=\"wp-block-columns is-layout-flex wp-container-core-columns-is-layout-9d6595d7 wp-block-columns-is-layout-flex\">\n<div class=\"wp-block-column xl:pr-100 is-layout-flow wp-block-column-is-layout-flow\">\n<h3 class=\"wp-block-heading has-ssg-2-xl-font-size\"><strong>El problema<\/strong><\/h3>\n\n\n\n<p class=\"has-ssg-7-xl-font-size\">\u00bfC\u00f3mo puede la Regi\u00f3n de Los R\u00edos dise\u00f1ar planes de acci\u00f3n clim\u00e1tica para 11 municipios para reducir las emisiones en toda la regi\u00f3n, y al mismo tiempo ayudar a cada municipio a adaptarse a los impactos locales del cambio clim\u00e1tico?<\/p>\n<\/div>\n<\/div>\n\n\n<div  class=\"ssg-spacer h-16 xl:h-48 \"><\/div>\n\n\n\n<div aria-hidden=\"true\" class=\"wp-block-fsb-flexible-spacer fsb-flexible-spacer\"><div class=\"fsb-flexible-spacer__device fsb-flexible-spacer__device--lg\" style=\"height:40px\"><\/div><div class=\"fsb-flexible-spacer__device fsb-flexible-spacer__device--md\" style=\"height:8px\"><\/div><div class=\"fsb-flexible-spacer__device fsb-flexible-spacer__device--sm\" style=\"height:8px\"><\/div><\/div>\n\n\n\n<div class=\"wp-block-columns is-layout-flex wp-container-core-columns-is-layout-9d6595d7 wp-block-columns-is-layout-flex\">\n<div class=\"wp-block-column is-vertically-aligned-bottom is-layout-flow wp-block-column-is-layout-flow\">\n<div class=\"wp-block-group is-content-justification-right is-layout-flex wp-container-core-group-is-layout-977fa2bb wp-block-group-is-layout-flex\">\n<div class=\"wp-block-group ssg-statistic is-content-justification-center is-layout-constrained wp-block-group-is-layout-constrained\">\n<p class=\"font-classic-bold has-ssg-huge-font-size\">&nbsp;2,640<\/p>\n\n\n\n<p class=\"font-classic has-ssg-4-xl-font-size\">kt CO2e emisiones totales de GEI en la Regi\u00f3n de Los R\u00edos en 2020.<\/p>\n<\/div>\n\n\n\n<div style=\"height:100px;width:0px\" aria-hidden=\"true\" class=\"wp-block-spacer wp-container-content-6388d5dc\"><\/div>\n\n\n\n<div class=\"wp-block-group ssg-statistic is-content-justification-center is-layout-constrained wp-block-group-is-layout-constrained\">\n<p class=\"font-classic-bold has-ssg-huge-font-size\">63%<\/p>\n\n\n\n<p class=\"font-classic has-ssg-4-xl-font-size\">aumento de las emisiones totales de GEI en la Regi\u00f3n de Los R\u00edos entre 1990 y 2020.<\/p>\n<\/div>\n<\/div>\n<\/div>\n<\/div>\n\n\n<div  class=\"ssg-spacer h-8 xl:h-16 \"><\/div>\n<\/section>\n\n\n<div  class=\"ssg-spacer h-16 xl:h-24 \"><\/div>\n\n\n\n<div class=\"wp-block-group ssg-two-column-heading-text is-layout-constrained wp-block-group-is-layout-constrained\">\n<div class=\"wp-block-columns is-layout-flex wp-container-core-columns-is-layout-9d6595d7 wp-block-columns-is-layout-flex\">\n<div class=\"wp-block-column !mb-4 xl:!mb-0 pl-2 xl:pl-4 border-l-solid border-l-foreground border-l dark:border-l-background is-layout-flow wp-block-column-is-layout-flow\">\n<h2 class=\"wp-block-heading m-0\">La soluci\u00f3n<\/h2>\n<\/div>\n\n\n\n<div class=\"wp-block-column is-layout-constrained wp-block-column-is-layout-constrained\">\n<div class=\"wp-block-group pl-2 xl:pl-4 border-l-solid border-l-foreground border-l dark:border-l-background is-layout-flow wp-block-group-is-layout-flow\">\n<p class=\"has-ssg-4-xl-font-size\">SSG trabaj\u00f3 con el Ministerio del Medio Ambiente, el BID y el Gobierno Regional de Los R\u00edos, en conjunto con municipios y comunidades locales, para desarrollar 11 planes de acci\u00f3n clim\u00e1tica coordinados orientados a alcanzar la carbono neutralidad al 2050. Estos planes integran medidas estrat\u00e9gicas a nivel regional, como el fortalecimiento de la econom\u00eda verde, la conservaci\u00f3n de los servicios ecosist\u00e9micos, el mejoramiento de la seguridad h\u00eddrica, la promoci\u00f3n de la energ\u00eda limpia y la movilidad sostenible, y el impulso de la econom\u00eda circular, junto con acciones concretas para su implementaci\u00f3n a nivel municipal.<\/p>\n\n\n\n<p>Cada plan comunitario refleja las necesidades y oportunidades locales, definido mediante un proceso participativo que incluy\u00f3 m\u00e1s de 20 talleres y 65 entrevistas con actores clave. Los planes tambi\u00e9n incluyen inventarios de GEI seg\u00fan la metodolog\u00eda HuellaChile y el Protocolo GPC, an\u00e1lisis de vulnerabilidad y riesgo, medidas de adaptaci\u00f3n y mitigaci\u00f3n, y la identificaci\u00f3n de actores clave para su implementaci\u00f3n.<br><\/p>\n<\/div>\n<\/div>\n<\/div>\n<\/div>\n\n\n<div  class=\"ssg-spacer h-16 xl:h-24 \"><\/div>\n\n\n\n<section class=\"wp-block-group ssg-statistics-callout has-ssg-coral-background-color has-background has-ssg-skyblue-background-color is-layout-constrained wp-block-group-is-layout-constrained\"><div  class=\"ssg-spacer h-8 xl:h-16 \"><\/div>\n\n\n\n<div class=\"wp-block-columns is-layout-flex wp-container-core-columns-is-layout-9d6595d7 wp-block-columns-is-layout-flex\">\n<div class=\"wp-block-column xl:pr-100 is-layout-flow wp-block-column-is-layout-flow\">\n<h3 class=\"wp-block-heading has-ssg-2-xl-font-size\"><strong>El resultado<\/strong><\/h3>\n\n\n\n<p class=\"has-ssg-7-xl-font-size\">Los 11 planes de acci\u00f3n clim\u00e1tica municipal desarrollados en la Regi\u00f3n de Los R\u00edos durante el proyecto incluyen:<\/p>\n<\/div>\n<\/div>\n\n\n<div  class=\"ssg-spacer h-16 xl:h-32 \"><\/div>\n\n\n\n<div class=\"wp-block-group ssg-statistics-columns is-layout-constrained wp-block-group-is-layout-constrained\">\n<div class=\"wp-block-columns are-vertically-aligned-top is-layout-flex wp-container-core-columns-is-layout-9d6595d7 wp-block-columns-is-layout-flex\">\n<div class=\"wp-block-column is-vertically-aligned-top is-layout-flow wp-block-column-is-layout-flow\"><\/div>\n\n\n\n<div class=\"wp-block-column is-vertically-aligned-top is-layout-flow wp-block-column-is-layout-flow\">\n<div class=\"wp-block-group ssg-statistic is-content-justification-center is-layout-constrained wp-block-group-is-layout-constrained\">\n<p class=\"font-classic-bold has-ssg-huge-font-size\">110+<\/p>\n\n\n\n<p class=\"has-ssg-4-xl-font-size\">medidas de adaptaci\u00f3n y de mitigaci\u00f3n a ejecutar en las comunas<\/p>\n<\/div>\n<\/div>\n<\/div>\n\n\n<div  class=\"ssg-spacer h-16 xl:h-24 \"><\/div>\n\n\n\n<div class=\"wp-block-columns are-vertically-aligned-top is-layout-flex wp-container-core-columns-is-layout-9d6595d7 wp-block-columns-is-layout-flex\">\n<div class=\"wp-block-column is-vertically-aligned-top is-layout-flow wp-block-column-is-layout-flow\">\n<div class=\"wp-block-group ssg-statistic is-content-justification-center is-layout-constrained wp-block-group-is-layout-constrained\">\n<p class=\"font-classic-bold has-ssg-huge-font-size\">660+<\/p>\n\n\n\n<p class=\"has-ssg-4-xl-font-size\">acciones concretas a realizar en las 11 las municipalidades<\/p>\n<\/div>\n<\/div>\n\n\n\n<div class=\"wp-block-column is-vertically-aligned-top is-layout-flow wp-block-column-is-layout-flow\">\n<div class=\"wp-block-group ssg-statistic is-content-justification-center is-layout-constrained wp-block-group-is-layout-constrained\">\n<p class=\"font-classic-bold has-ssg-huge-font-size\">6<\/p>\n\n\n\n<p class=\"has-ssg-4-xl-font-size\">transformaciones identificadas para abordar riesgos clim\u00e1ticos espec\u00edficos y reducir las emisiones<\/p>\n<\/div>\n<\/div>\n<\/div>\n<\/div>\n\n\n<div  class=\"ssg-spacer h-8 xl:h-16 \"><\/div>\n<\/section>\n\n\n<div  class=\"ssg-spacer h-16 xl:h-32 \"><\/div>\n\n\n\n<section class=\"wp-block-group is-layout-constrained wp-block-group-is-layout-constrained\">\n<p class=\"mb-0 has-ssg-2-xl-font-size\"><strong>Resultado<\/strong><\/p>\n\n\n\n<h2 class=\"wp-block-heading mt-2\">Conclusiones clave<\/h2>\n<\/section>\n\n\n<div  class=\"ssg-spacer h-16 xl:h-24 \"><\/div>\n\n\n\n<section class=\"wp-block-group ssg-three-column-icon-cards is-layout-constrained wp-block-group-is-layout-constrained\">\n<div class=\"wp-block-columns gap-16 xl:gap-8 is-layout-flex wp-container-core-columns-is-layout-9d6595d7 wp-block-columns-is-layout-flex\">\n<div class=\"wp-block-column is-layout-flow wp-block-column-is-layout-flow\">\n<div class=\"wp-block-group ssg-icon-card pr-4 xl:pr-24 is-layout-constrained wp-block-group-is-layout-constrained\">\t<i \n\t\tclass=\"ssg-icon icon-people wp-elements-f1673830e3c0d776ebad7f4c1c7d6295 text-large-icons leading-large-icons text-ssg-magenta\"\n\t\t\t>\t\t\t\n\t<\/i>\n\n\n<div  class=\"ssg-spacer h-4 xl:h-8 \"><\/div>\n\n\n\n<div class=\"wp-block-group ssg-l-border is-layout-constrained wp-block-group-is-layout-constrained\">\n<p><strong>Incorporar conocimientos y pr\u00e1cticas locales para sentar las bases de la acci\u00f3n clim\u00e1tica<\/strong><\/p>\n\n\n\n<p>SSG fortaleci\u00f3 la planificaci\u00f3n clim\u00e1tica colaborando con los gobiernos municipales y las comunidades locales. <strong><mark style=\"background-color:rgba(0, 0, 0, 0)\" class=\"has-inline-color has-ssg-magenta-color\">El equipo realiz\u00f3 m\u00e1s de 100 actividades participativas, incluyendo 23 talleres ciudadanos y 65 entrevistas con actores clave<\/mark><\/strong>, que generaron informaci\u00f3n valiosa sobre las pr\u00e1cticas existentes en materia ambiental, de conservaci\u00f3n y de gesti\u00f3n del riesgo de incendios. Al aprovechar las acciones ya en marcha a nivel local, este enfoque increment\u00f3 el apoyo local a los planes y aument\u00f3 su viabilidad.<br><\/p>\n<\/div>\n<\/div>\n<\/div>\n\n\n\n<div class=\"wp-block-column is-layout-flow wp-block-column-is-layout-flow\">\n<div class=\"wp-block-group ssg-icon-card pr-4 xl:pr-24 is-layout-constrained wp-block-group-is-layout-constrained\">\t<i \n\t\tclass=\"ssg-icon icon-nature wp-elements-2086df70b57600d56505c2cccfb3c4d4 text-large-icons leading-large-icons text-ssg-orange\"\n\t\t\t>\t\t\t\n\t<\/i>\n\n\n<div  class=\"ssg-spacer h-4 xl:h-8 \"><\/div>\n\n\n\n<div class=\"wp-block-group ssg-l-border is-layout-constrained wp-block-group-is-layout-constrained\">\n<p><strong>Involucrar a las comunidades a trav\u00e9s de talleres para adaptar las acciones clim\u00e1ticas a los contextos locales<\/strong><\/p>\n\n\n\n<p>Dadas las diversas caracter\u00edsticas geogr\u00e1ficas, econ\u00f3micas y culturales de los 11 municipios, <strong><mark style=\"background-color:rgba(0, 0, 0, 0)\" class=\"has-inline-color has-ssg-orange-color\">SSG organiz\u00f3 23 talleres comunitarios para garantizar que los planes de acci\u00f3n abordar\u00e1n las necesidades espec\u00edficas de cada municipio.<\/mark><\/strong> Algunos planes incluyen medidas para conservar y gestionar sosteniblemente los humedales y mejorar la eficiencia h\u00eddrica en viviendas y espacios p\u00fablicos. Otros se centran en fortalecer la econom\u00eda verde mediante la agricultura local sostenible, la promoci\u00f3n de pr\u00e1cticas pesqueras responsables y el desarrollo de alternativas de turismo verde<\/p>\n<\/div>\n<\/div>\n<\/div>\n<\/div>\n<\/section>\n\n\n<div  class=\"ssg-spacer h-16 xl:h-32 \"><\/div>\n\n\n<section  class=\"wp-block-group ssg-related-cards is-layout-constrained \">\n\n\t\t\t<!-- wp:group {\"layout\":{\"type\":\"constrained\"}} -->\n\t\t<div class=\"wp-block-group\"><!-- wp:heading {\"className\":\"ssg-l-border\"} -->\n\t\t<h2 class=\"wp-block-heading ssg-l-border xl:mb-12\">\n\t\t\tProyectos relacionados\t\t<\/h2>\n\t\t<!-- \/wp:heading --><\/div>\n\t\t<!-- \/wp:group -->\n\t\n\t\n\t\t\t<div class=\"grid md:grid-cols-2 xl:grid-cols-3 gap-4 xl:gap-8 animate-cards-onscroll animate-onscroll\">\n\t\n\t\t\n\t\t\t<div class=\"card ssg-randomize-hover ssg-related-resource-card ssg-ssg-projects relative group bg-transparent hover:bg-ssg-random focus:bg-ssg-random hover:border-ssg-random focus:border-ssg-random \">\n\n\t\t\t\t\n<div class=\"flex flex-col justify-between h-full\">\n\n\t\n\t<h3 class=\"!mt-0 xl:!mb-36\">\n\t\t<a href=\"https:\/\/ssg.coop\/es\/project\/plan-de-accion-regional-de-cambio-climatico-de-la-region-de-aysen\/\" class=\"ssg-never-underline\">\n\t\t\tPlan de Acci\u00f3n Regional de Cambio Clim\u00e1tico de la Regi\u00f3n de Ays\u00e9n\t\t<\/a>\n\t<\/h3>\n\n\t<div class=\"flex xl:flex-row xl:justify-between !items-end gap-4 xl:gap-12\">\n\t\t\n\t\t\n\t\t<a\n\tclass=\"ssg-link-arrow self-end text-right text-5xl ml-auto ssg-never-underline dark:text-background\"\n \thref=\"https:\/\/ssg.coop\/es\/project\/plan-de-accion-regional-de-cambio-climatico-de-la-region-de-aysen\/\"\n\n \t>\n\t<span class=\"whitespace-nowrap\">-><\/span>\n<\/a>\n\t<\/div>\n<\/div>\n\t\t\t<\/div>\n\n\t\t\n\t\t\t<div class=\"card ssg-randomize-hover ssg-related-resource-card ssg-ssg-projects relative group bg-transparent hover:bg-ssg-random focus:bg-ssg-random hover:border-ssg-random focus:border-ssg-random \">\n\n\t\t\t\t\n<div class=\"flex flex-col justify-between h-full\">\n\n\t\n\t<h3 class=\"!mt-0 xl:!mb-36\">\n\t\t<a href=\"https:\/\/ssg.coop\/es\/project\/guia-para-la-accion-climatica-en-municipios-y-gobiernos-regionales\/\" class=\"ssg-never-underline\">\n\t\t\tGu\u00eda para la acci\u00f3n clim\u00e1tica en municipios y gobiernos regionales\t\t<\/a>\n\t<\/h3>\n\n\t<div class=\"flex xl:flex-row xl:justify-between !items-end gap-4 xl:gap-12\">\n\t\t\n\t\t\n\t\t<a\n\tclass=\"ssg-link-arrow self-end text-right text-5xl ml-auto ssg-never-underline dark:text-background\"\n \thref=\"https:\/\/ssg.coop\/es\/project\/guia-para-la-accion-climatica-en-municipios-y-gobiernos-regionales\/\"\n\n \t>\n\t<span class=\"whitespace-nowrap\">-><\/span>\n<\/a>\n\t<\/div>\n<\/div>\n\t\t\t<\/div>\n\n\t\t\n\t\t\t<div class=\"card ssg-randomize-hover ssg-related-resource-card ssg-ssg-projects relative group bg-transparent hover:bg-ssg-random focus:bg-ssg-random hover:border-ssg-random focus:border-ssg-random \">\n\n\t\t\t\t\n<div class=\"flex flex-col justify-between h-full\">\n\n\t\n\t<h3 class=\"!mt-0 xl:!mb-36\">\n\t\t<a href=\"https:\/\/ssg.coop\/es\/project\/mejoras-metodologicas-para-la-cuantificacion-de-emisiones-y-absorciones-de-gei-en-el-sector-afolu-de-los-paises-del-cono-sur\/\" class=\"ssg-never-underline\">\n\t\t\tMejoras metodol\u00f3gicas para la cuantificaci\u00f3n de emisiones y absorciones de GEI en el sector AFOLU de los pa\u00edses del Cono Sur\t\t<\/a>\n\t<\/h3>\n\n\t<div class=\"flex xl:flex-row xl:justify-between !items-end gap-4 xl:gap-12\">\n\t\t\n\t\t\n\t\t<a\n\tclass=\"ssg-link-arrow self-end text-right text-5xl ml-auto ssg-never-underline dark:text-background\"\n \thref=\"https:\/\/ssg.coop\/es\/project\/mejoras-metodologicas-para-la-cuantificacion-de-emisiones-y-absorciones-de-gei-en-el-sector-afolu-de-los-paises-del-cono-sur\/\"\n\n \t>\n\t<span class=\"whitespace-nowrap\">-><\/span>\n<\/a>\n\t<\/div>\n<\/div>\n\t\t\t<\/div>\n\n\t\t\n\t\t\t<div class=\"card ssg-randomize-hover ssg-related-resource-card ssg-ssg-projects relative group bg-transparent hover:bg-ssg-random focus:bg-ssg-random hover:border-ssg-random focus:border-ssg-random \">\n\n\t\t\t\t\n<div class=\"flex flex-col justify-between h-full\">\n\n\t\n\t<h3 class=\"!mt-0 xl:!mb-36\">\n\t\t<a href=\"https:\/\/ssg.coop\/es\/project\/acelerador-de-mitigacion-herramienta-para-la-accion-climatica-comunal\/\" class=\"ssg-never-underline\">\n\t\t\tAcelerador de Mitigaci\u00f3n: Herramienta para la Acci\u00f3n Clim\u00e1tica Comunal\t\t<\/a>\n\t<\/h3>\n\n\t<div class=\"flex xl:flex-row xl:justify-between !items-end gap-4 xl:gap-12\">\n\t\t\n\t\t\n\t\t<a\n\tclass=\"ssg-link-arrow self-end text-right text-5xl ml-auto ssg-never-underline dark:text-background\"\n \thref=\"https:\/\/ssg.coop\/es\/project\/acelerador-de-mitigacion-herramienta-para-la-accion-climatica-comunal\/\"\n\n \t>\n\t<span class=\"whitespace-nowrap\">-><\/span>\n<\/a>\n\t<\/div>\n<\/div>\n\t\t\t<\/div>\n\n\t\t\n\t\t\t<div class=\"card ssg-randomize-hover ssg-related-resource-card ssg-ssg-projects relative group bg-transparent hover:bg-ssg-random focus:bg-ssg-random hover:border-ssg-random focus:border-ssg-random \">\n\n\t\t\t\t\n<div class=\"flex flex-col justify-between h-full\">\n\n\t\n\t<h3 class=\"!mt-0 xl:!mb-36\">\n\t\t<a href=\"https:\/\/ssg.coop\/es\/project\/plan-de-accion-regional-de-cambio-climatico-para-la-region-de-arica-y-parinacota-2\/\" class=\"ssg-never-underline\">\n\t\t\tPlan de Acci\u00f3n Regional de Cambio Clim\u00e1tico para la Regi\u00f3n de Arica y Parinacota\t\t<\/a>\n\t<\/h3>\n\n\t<div class=\"flex xl:flex-row xl:justify-between !items-end gap-4 xl:gap-12\">\n\t\t\n\t\t\n\t\t<a\n\tclass=\"ssg-link-arrow self-end text-right text-5xl ml-auto ssg-never-underline dark:text-background\"\n \thref=\"https:\/\/ssg.coop\/es\/project\/plan-de-accion-regional-de-cambio-climatico-para-la-region-de-arica-y-parinacota-2\/\"\n\n \t>\n\t<span class=\"whitespace-nowrap\">-><\/span>\n<\/a>\n\t<\/div>\n<\/div>\n\t\t\t<\/div>\n\n\t\t\n\t\t\t<div class=\"card ssg-randomize-hover ssg-related-resource-card ssg-ssg-projects relative group bg-transparent hover:bg-ssg-random focus:bg-ssg-random hover:border-ssg-random focus:border-ssg-random \">\n\n\t\t\t\t\n<div class=\"flex flex-col justify-between h-full\">\n\n\t\n\t<h3 class=\"!mt-0 xl:!mb-36\">\n\t\t<a href=\"https:\/\/ssg.coop\/es\/project\/estrategia-energetica-local-de-la-comuna-de-mejillones\/\" class=\"ssg-never-underline\">\n\t\t\tEstrategia Energ\u00e9tica Local de la Comuna de Mejillones\t\t<\/a>\n\t<\/h3>\n\n\t<div class=\"flex xl:flex-row xl:justify-between !items-end gap-4 xl:gap-12\">\n\t\t\n\t\t\n\t\t<a\n\tclass=\"ssg-link-arrow self-end text-right text-5xl ml-auto ssg-never-underline dark:text-background\"\n \thref=\"https:\/\/ssg.coop\/es\/project\/estrategia-energetica-local-de-la-comuna-de-mejillones\/\"\n\n \t>\n\t<span class=\"whitespace-nowrap\">-><\/span>\n<\/a>\n\t<\/div>\n<\/div>\n\t\t\t<\/div>\n\n\t\t\n\t<\/div>\n<\/section>\n\n\n<div  class=\"ssg-spacer h-16 xl:h-48 \"><\/div>\n\n\n\n<div class=\"wp-block-group ssg-two-column-heading-text is-layout-constrained wp-block-group-is-layout-constrained\">\n<div class=\"wp-block-columns is-layout-flex wp-container-core-columns-is-layout-9d6595d7 wp-block-columns-is-layout-flex\">\n<div class=\"wp-block-column !mb-4 xl:!mb-0 pl-2 xl:pl-4 border-l-solid border-l-foreground border-l dark:border-l-background is-layout-flow wp-block-column-is-layout-flow\">\n<h2 class=\"wp-block-heading m-0\">Cont\u00e1ctanos<\/h2>\n<\/div>\n\n\n\n<div class=\"wp-block-column is-layout-constrained wp-block-column-is-layout-constrained\">\n<div class=\"wp-block-group pl-2 xl:pl-4 border-l-solid border-l-foreground border-l dark:border-l-background is-layout-flow wp-block-group-is-layout-flow\">\n<p class=\"has-ssg-4-xl-font-size\">\u00bfQuieres saber m\u00e1s sobre c\u00f3mo podemos ayudarte a enfrentar el cambio clim\u00e1tico?<\/p>\n<\/div>\n\n\n<div  class=\"ssg-spacer h-4 xl:h-8 \"><\/div>\n\n\n\n<div class=\"wp-block-buttons is-layout-flex wp-block-buttons-is-layout-flex\">\n<div class=\"wp-block-button\"><a class=\"wp-block-button__link wp-element-button\" href=\"#contact-form\" rel=\" nofollow\">Comun\u00edcate con nosotros<\/a><\/div>\n<\/div>\n<\/div>\n<\/div>\n<\/div>\n\n\n<div  class=\"ssg-spacer h-16 xl:h-24 \"><\/div>\n","protected":false},"excerpt":{"rendered":"<p>Desarrollar 11 planes de acci\u00f3n comunales de cambio clim\u00e1tico en menos de un a\u00f1o para las comunas de la Regi\u00f3n de Los R\u00edos, incluyendo inventarios de emisiones, procesos participativos, y dise\u00f1o de medidas de adaptaci\u00f3n y mitigaci\u00f3n.<\/p>\n","protected":false},"featured_media":16736,"template":"","ssg_locations":[409,203,317,320],"client_types":[387],"ssg-project-categories":[325],"class_list":["post-16731","ssg-projects","type-ssg-projects","status-publish","has-post-thumbnail","hentry","ssg_locations-latin-america-es","ssg_locations-canada","ssg_locations-canada-es","ssg_locations-chile-es","client_types-institucion-internacional","ssg-project-categories-plan-de-mitigacion-climatica"],"acf":[],"aioseo_notices":[],"_links":{"self":[{"href":"https:\/\/ssg.coop\/es\/wp-json\/wp\/v2\/ssg-projects\/16731","targetHints":{"allow":["GET"]}}],"collection":[{"href":"https:\/\/ssg.coop\/es\/wp-json\/wp\/v2\/ssg-projects"}],"about":[{"href":"https:\/\/ssg.coop\/es\/wp-json\/wp\/v2\/types\/ssg-projects"}],"wp:featuredmedia":[{"embeddable":true,"href":"https:\/\/ssg.coop\/es\/wp-json\/wp\/v2\/media\/16736"}],"wp:attachment":[{"href":"https:\/\/ssg.coop\/es\/wp-json\/wp\/v2\/media?parent=16731"}],"wp:term":[{"taxonomy":"ssg_locations","embeddable":true,"href":"https:\/\/ssg.coop\/es\/wp-json\/wp\/v2\/ssg_locations?post=16731"},{"taxonomy":"client_types","embeddable":true,"href":"https:\/\/ssg.coop\/es\/wp-json\/wp\/v2\/client_types?post=16731"},{"taxonomy":"ssg-project-categories","embeddable":true,"href":"https:\/\/ssg.coop\/es\/wp-json\/wp\/v2\/ssg-project-categories?post=16731"}],"curies":[{"name":"wp","href":"https:\/\/api.w.org\/{rel}","templated":true}]}}